{"id":19363,"date":"2025-05-08T16:28:09","date_gmt":"2025-05-08T14:28:09","guid":{"rendered":"https:\/\/bakertilly.be\/services-de-conseil-en-ressources-humaines\/embaucher-son-premier-salarie\/"},"modified":"2026-01-13T10:02:50","modified_gmt":"2026-01-13T09:02:50","slug":"embaucher-son-premier-salarie","status":"publish","type":"page","link":"https:\/\/bakertilly.be\/fr\/hr-consultancy-services\/embaucher-son-premier-salarie\/","title":{"rendered":"Embaucher son premier salari\u00e9"},"content":{"rendered":"<p><div class=\"fusion-fullwidth fullwidth-box fusion-builder-row-1 fusion-flex-container has-pattern-background has-mask-background fusion-parallax-none nonhundred-percent-fullwidth non-hundred-percent-height-scrolling bt-gradient\" style=\"--awb-border-radius-top-left:0px;--awb-border-radius-top-right:0px;--awb-border-radius-bottom-right:0px;--awb-border-radius-bottom-left:0px;--awb-margin-bottom:120px;--awb-margin-bottom-medium:90px;--awb-margin-bottom-small:45px;--awb-min-height:700px;--awb-min-height-small:420px;--awb-background-image:linear-gradient(180deg, hsla(var(--awb-custom_color_1-h),var(--awb-custom_color_1-s),var(--awb-custom_color_1-l),calc(var(--awb-custom_color_1-a) - 100%)) 0%,hsla(var(--awb-custom_color_1-h),var(--awb-custom_color_1-s),var(--awb-custom_color_1-l),calc(var(--awb-custom_color_1-a) - 80%)) 100%),url(https:\/\/bakertilly.be\/wp-content\/uploads\/2025\/09\/eerste_werknemer_aanwerven-1-scaled.png);;--awb-background-size:cover;--awb-flex-wrap:wrap;\" ><div class=\"fusion-builder-row fusion-row fusion-flex-align-items-flex-start fusion-flex-align-content-space-between fusion-flex-content-wrap\" style=\"max-width:1456px;margin-left: calc(-4% \/ 2 );margin-right: calc(-4% \/ 2 );\"><div class=\"fusion-layout-column fusion_builder_column fusion-builder-column-0 fusion_builder_column_1_1 1_1 fusion-flex-column\" style=\"--awb-bg-size:cover;--awb-width-large:100%;--awb-margin-top-large:60px;--awb-spacing-right-large:1.92%;--awb-margin-bottom-large:0px;--awb-spacing-left-large:1.92%;--awb-width-medium:100%;--awb-order-medium:0;--awb-spacing-right-medium:1.92%;--awb-margin-bottom-medium:60px;--awb-spacing-left-medium:1.92%;--awb-width-small:100%;--awb-order-small:0;--awb-margin-top-small:30px;--awb-spacing-right-small:1.92%;--awb-margin-bottom-small:0;--awb-spacing-left-small:1.92%;\" data-scroll-devices=\"small-visibility,medium-visibility,large-visibility\"><div class=\"fusion-column-wrapper fusion-column-has-shadow fusion-flex-justify-content-flex-start fusion-content-layout-column\"><nav class=\"fusion-breadcrumbs fusion-breadcrumbs-1\" style=\"--awb-font-size:11px;--awb-text-color:var(--awb-color1);--awb-breadcrumb-sep:&#039;&gt;&#039;;\" aria-label=\"Breadcrumb\"><ol class=\"awb-breadcrumb-list\"><li class=\"fusion-breadcrumb-item awb-breadcrumb-sep awb-home\" ><a href=\"https:\/\/bakertilly.be\/fr\/\" class=\"fusion-breadcrumb-link\"><span >Home<\/span><\/a><\/li><\/ol><\/nav><\/div><\/div><div class=\"fusion-layout-column fusion_builder_column fusion-builder-column-1 fusion_builder_column_2_5 2_5 fusion-flex-column\" style=\"--awb-bg-size:cover;--awb-width-large:40%;--awb-margin-top-large:90px;--awb-spacing-right-large:4.8%;--awb-margin-bottom-large:90px;--awb-spacing-left-large:4.8%;--awb-width-medium:40%;--awb-order-medium:0;--awb-spacing-right-medium:4.8%;--awb-spacing-left-medium:4.8%;--awb-width-small:100%;--awb-order-small:0;--awb-margin-top-small:60px;--awb-spacing-right-small:1.92%;--awb-margin-bottom-small:60px;--awb-spacing-left-small:1.92%;\" data-scroll-devices=\"small-visibility,medium-visibility,large-visibility\"><div class=\"fusion-column-wrapper fusion-column-has-shadow fusion-flex-justify-content-flex-start fusion-content-layout-column\"><div class=\"fusion-title title fusion-title-1 fusion-sep-none fusion-title-text fusion-title-size-one\" style=\"--awb-text-color:var(--awb-color1);--awb-margin-top:0px;--awb-margin-right:0px;--awb-margin-left:0px;--awb-margin-top-small:0px;--awb-margin-right-small:0px;--awb-margin-bottom-small:15px;--awb-margin-left-small:0px;\"><h1 class=\"fusion-title-heading title-heading-left fusion-responsive-typography-calculated\" style=\"margin:0;text-transform:none;--fontSize:68;line-height:var(--awb-typography1-line-height);\">Embaucher son premier salari\u00e9<\/h1><\/div><div class=\"fusion-builder-row fusion-builder-row-inner fusion-row fusion-flex-align-items-flex-start fusion-flex-align-content-space-between fusion-flex-content-wrap\" style=\"--awb-flex-grow:0;--awb-flex-grow-medium:0;--awb-flex-grow-small:0;--awb-flex-shrink:0;--awb-flex-shrink-medium:0;--awb-flex-shrink-small:0;width:104% !important;max-width:104% !important;margin-left: calc(-4% \/ 2 );margin-right: calc(-4% \/ 2 );\"><div class=\"fusion-layout-column fusion_builder_column_inner fusion-builder-nested-column-0 fusion_builder_column_inner_1_1 1_1 fusion-flex-column\" style=\"--awb-bg-size:cover;--awb-width-large:100%;--awb-margin-top-large:0px;--awb-spacing-right-large:1.92%;--awb-margin-bottom-large:0px;--awb-spacing-left-large:1.92%;--awb-width-medium:100%;--awb-order-medium:0;--awb-spacing-right-medium:1.92%;--awb-spacing-left-medium:1.92%;--awb-width-small:100%;--awb-order-small:0;--awb-spacing-right-small:1.92%;--awb-spacing-left-small:1.92%;\" data-scroll-devices=\"small-visibility,medium-visibility,large-visibility\"><div class=\"fusion-column-wrapper fusion-column-has-shadow fusion-flex-justify-content-flex-start fusion-content-layout-row fusion-flex-align-items-center\"><div ><a class=\"fusion-button button-flat fusion-button-default-size button-custom fusion-button-default button-1 fusion-button-default-span fusion-button-default-type transparent_white_aqua-btn\" style=\"--button_accent_color:var(--awb-color1);--button_border_color:var(--awb-color1);--button_accent_hover_color:var(--awb-color1);--button_border_hover_color:var(--awb-color6);--button_border_width-top:1px;--button_border_width-right:1px;--button_border_width-bottom:1px;--button_border_width-left:1px;--button_gradient_top_color:hsla(var(--awb-custom_color_9-h),var(--awb-custom_color_9-s),var(--awb-custom_color_9-l),calc(var(--awb-custom_color_9-a) - 100%));--button_gradient_bottom_color:hsla(var(--awb-custom_color_9-h),var(--awb-custom_color_9-s),var(--awb-custom_color_9-l),calc(var(--awb-custom_color_9-a) - 100%));--button_gradient_top_color_hover:var(--awb-color6);--button_gradient_bottom_color_hover:var(--awb-color6);--button_margin-top:20px;\" target=\"_self\" href=\"https:\/\/bakertilly.be\/nl\/contact\/\"><span class=\"fusion-button-text awb-button__text awb-button__text--default\">Prendre contact<\/span><\/a><\/div><\/div><\/div><\/div><\/div><\/div><div class=\"fusion-layout-column fusion_builder_column fusion-builder-column-2 fusion_builder_column_1_1 1_1 fusion-flex-column\" style=\"--awb-bg-size:cover;--awb-width-large:100%;--awb-margin-top-large:0px;--awb-spacing-right-large:1.92%;--awb-margin-bottom-large:0px;--awb-spacing-left-large:1.92%;--awb-width-medium:100%;--awb-order-medium:0;--awb-spacing-right-medium:1.92%;--awb-spacing-left-medium:1.92%;--awb-width-small:100%;--awb-order-small:0;--awb-spacing-right-small:1.92%;--awb-spacing-left-small:1.92%;\" data-scroll-devices=\"small-visibility,medium-visibility,large-visibility\"><div class=\"fusion-column-wrapper fusion-column-has-shadow fusion-flex-justify-content-flex-start fusion-content-layout-column\"><\/div><\/div><\/div><\/div><div class=\"fusion-fullwidth fullwidth-box fusion-builder-row-2 fusion-flex-container has-pattern-background has-mask-background nonhundred-percent-fullwidth non-hundred-percent-height-scrolling\" style=\"--awb-border-radius-top-left:0px;--awb-border-radius-top-right:0px;--awb-border-radius-bottom-right:0px;--awb-border-radius-bottom-left:0px;--awb-margin-bottom:120px;--awb-margin-bottom-medium:60px;--awb-margin-bottom-small:30px;--awb-flex-wrap:wrap;\" ><div class=\"fusion-builder-row fusion-row fusion-flex-align-items-stretch fusion-flex-content-wrap\" style=\"max-width:1456px;margin-left: calc(-4% \/ 2 );margin-right: calc(-4% \/ 2 );\"><div class=\"fusion-layout-column fusion_builder_column fusion-builder-column-3 fusion_builder_column_1_2 1_2 fusion-flex-column\" style=\"--awb-overflow:hidden;--awb-bg-image:url(&#039;https:\/\/bakertilly.be\/wp-content\/uploads\/2025\/08\/wat-is-een-sociale-audit-scaled.webp&#039;);--awb-bg-position:center center;--awb-bg-size:cover;--awb-border-radius:4px 4px 4px 4px;--awb-width-large:50%;--awb-margin-top-large:0px;--awb-spacing-right-large:3.84%;--awb-margin-bottom-large:0px;--awb-spacing-left-large:3.84%;--awb-width-medium:50%;--awb-order-medium:0;--awb-spacing-right-medium:3.84%;--awb-spacing-left-medium:3.84%;--awb-width-small:100%;--awb-order-small:0;--awb-spacing-right-small:1.92%;--awb-spacing-left-small:1.92%;\" data-scroll-devices=\"small-visibility,medium-visibility,large-visibility\"><div class=\"fusion-column-wrapper fusion-column-has-shadow fusion-flex-justify-content-flex-start fusion-content-layout-column fusion-empty-column-bg-image fusion-column-has-bg-image\" data-bg-url=\"https:\/\/bakertilly.be\/wp-content\/uploads\/2025\/08\/wat-is-een-sociale-audit-scaled.webp\"><img decoding=\"async\" class=\"fusion-empty-dims-img-placeholder fusion-no-large-visibility fusion-no-medium-visibility\" alt=\"wat-is-een-sociale-audit\" aria-label=\"wat-is-een-sociale-audit\" src=\"data:image\/svg+xml,%3Csvg%20xmlns%3D%27http%3A%2F%2Fwww.w3.org%2F2000%2Fsvg%27%20width%3D%271639%27%20height%3D%272048%27%20viewBox%3D%270%200%201639%202048%27%3E%3Crect%20width%3D%271639%27%20height%3D%272048%27%20fill-opacity%3D%220%22%2F%3E%3C%2Fsvg%3E\"><\/div><\/div><div class=\"fusion-layout-column fusion_builder_column fusion-builder-column-4 fusion_builder_column_1_2 1_2 fusion-flex-column\" style=\"--awb-padding-top:60px;--awb-padding-bottom:60px;--awb-padding-top-small:0px;--awb-padding-bottom-small:0px;--awb-bg-size:cover;--awb-width-large:50%;--awb-margin-top-large:0px;--awb-spacing-right-large:3.84%;--awb-margin-bottom-large:0px;--awb-spacing-left-large:3.84%;--awb-width-medium:50%;--awb-order-medium:0;--awb-spacing-right-medium:3.84%;--awb-spacing-left-medium:3.84%;--awb-width-small:100%;--awb-order-small:0;--awb-spacing-right-small:1.92%;--awb-spacing-left-small:1.92%;\" data-scroll-devices=\"small-visibility,medium-visibility,large-visibility\"><div class=\"fusion-column-wrapper fusion-column-has-shadow fusion-flex-justify-content-flex-start fusion-content-layout-column\"><div class=\"fusion-text fusion-text-1 fusion-text-no-margin\" style=\"--awb-font-size:var(--awb-typography3-font-size);--awb-line-height:var(--awb-typography3-line-height);--awb-letter-spacing:var(--awb-typography3-letter-spacing);--awb-text-transform:var(--awb-typography3-text-transform);--awb-text-color:var(--awb-color8);--awb-margin-bottom:20px;--awb-text-font-family:var(--awb-typography3-font-family);--awb-text-font-weight:var(--awb-typography3-font-weight);--awb-text-font-style:var(--awb-typography3-font-style);\"><p>L\u2019embauche d\u2019un premier salari\u00e9 est une \u00e9tape importante pour tout entrepreneur. En m\u00eame temps, elle s\u2019accompagne de diverses obligations administratives. Nous conseillons les nouveaux employeurs dans la mise en place d\u2019une politique RH efficace.<\/p>\n<\/div><div class=\"fusion-title title fusion-title-2 fusion-sep-none fusion-title-text fusion-title-size-two\" style=\"--awb-margin-top:0px;--awb-margin-right:0px;--awb-margin-left:0px;--awb-margin-top-small:0px;--awb-margin-right-small:0px;--awb-margin-bottom-small:15px;--awb-margin-left-small:0px;\"><h2 class=\"fusion-title-heading title-heading-left fusion-responsive-typography-calculated\" style=\"margin:0;text-transform:none;--fontSize:36;line-height:var(--awb-custom_typography_3-line-height);\">Quelles sont les formalit\u00e9s \u00e0 mettre en place lors de la premi\u00e8re embauche ?<\/h2><\/div><div class=\"fusion-text fusion-text-2 fusion-text-no-margin\" style=\"--awb-font-size:var(--awb-typography3-font-size);--awb-line-height:var(--awb-typography3-line-height);--awb-letter-spacing:var(--awb-typography3-letter-spacing);--awb-text-transform:var(--awb-typography3-text-transform);--awb-text-color:var(--awb-color8);--awb-margin-bottom:15px;--awb-text-font-family:var(--awb-typography3-font-family);--awb-text-font-weight:var(--awb-typography3-font-weight);--awb-text-font-style:var(--awb-typography3-font-style);\"><p>En tant qu&#8217;employeur, vous devez assurer le suivi des documents suivants, entre autres :<\/p>\n<\/div><ul style=\"--awb-iconcolor:var(--awb-color6);--awb-line-height:27.2px;--awb-icon-width:27.2px;--awb-icon-height:27.2px;--awb-icon-margin:11.2px;--awb-content-margin:38.4px;\" class=\"fusion-checklist fusion-checklist-1 fusion-checklist-default type-icons\"><li class=\"fusion-li-item\" style=\"\"><span class=\"icon-wrapper circle-no\"><i class=\"fusion-li-icon fa-check-circle fas\" aria-hidden=\"true\"><\/i><\/span><div class=\"fusion-li-item-content\">\n<p><strong>D\u00e9claration Dimona<\/strong><br \/>\nTout engagement ou d\u00e9part doit \u00eatre communiqu\u00e9 \u00e0 l\u2019ONSS via une d\u00e9claration \u00e9lectronique Dimona.<\/p>\n<\/div><\/li><li class=\"fusion-li-item\" style=\"\"><span class=\"icon-wrapper circle-no\"><i class=\"fusion-li-icon fa-check-circle fas\" aria-hidden=\"true\"><\/i><\/span><div class=\"fusion-li-item-content\">\n<p><strong>R\u00e8glement de travail<\/strong><br \/>\nCe document reprend les droits et devoirs de l\u2019employeur et du salari\u00e9 : horaires de travail, cong\u00e9s, proc\u00e9dures en cas d\u2019absence pour maladie\u2026<\/p>\n<\/div><\/li><li class=\"fusion-li-item\" style=\"\"><span class=\"icon-wrapper circle-no\"><i class=\"fusion-li-icon fa-check-circle fas\" aria-hidden=\"true\"><\/i><\/span><div class=\"fusion-li-item-content\">\n<p><strong>Contrat de travail<\/strong><br \/>\nIl fixe les modalit\u00e9s de la collaboration : lieu de travail, horaires, r\u00e9mun\u00e9ration, avantages\u2026<\/p>\n<\/div><\/li><\/ul><\/div><\/div><\/div><\/div><div class=\"fusion-fullwidth fullwidth-box fusion-builder-row-3 fusion-flex-container has-pattern-background has-mask-background nonhundred-percent-fullwidth non-hundred-percent-height-scrolling\" style=\"--awb-border-radius-top-left:0px;--awb-border-radius-top-right:0px;--awb-border-radius-bottom-right:0px;--awb-border-radius-bottom-left:0px;--awb-margin-bottom:120px;--awb-margin-bottom-small:30px;--awb-flex-wrap:wrap;\" ><div class=\"fusion-builder-row fusion-row fusion-flex-align-items-stretch fusion-flex-content-wrap\" style=\"max-width:calc( 1400px + 0px );margin-left: calc(-0px \/ 2 );margin-right: calc(-0px \/ 2 );\"><div class=\"fusion-layout-column fusion_builder_column fusion-builder-column-5 fusion_builder_column_1_1 1_1 fusion-flex-column\" style=\"--awb-bg-size:cover;--awb-width-large:100%;--awb-margin-top-large:0px;--awb-spacing-right-large:0px;--awb-margin-bottom-large:30px;--awb-spacing-left-large:0px;--awb-width-medium:100%;--awb-order-medium:0;--awb-spacing-right-medium:0px;--awb-spacing-left-medium:0px;--awb-width-small:100%;--awb-order-small:0;--awb-spacing-right-small:0px;--awb-spacing-left-small:0px;\" data-scroll-devices=\"small-visibility,medium-visibility,large-visibility\"><div class=\"fusion-column-wrapper fusion-column-has-shadow fusion-flex-justify-content-flex-start fusion-content-layout-column\"><div class=\"fusion-title title fusion-title-3 fusion-sep-none fusion-title-text fusion-title-size-two\" style=\"--awb-margin-top:0px;--awb-margin-right:0px;--awb-margin-left:0px;--awb-margin-top-small:0px;--awb-margin-right-small:0px;--awb-margin-bottom-small:15px;--awb-margin-left-small:0px;\"><h2 class=\"fusion-title-heading title-heading-left fusion-responsive-typography-calculated\" style=\"margin:0;text-transform:none;--fontSize:36;line-height:var(--awb-custom_typography_3-line-height);\">Notre mission ? Vous aidez \u00e0 recruter dans tracas<\/h2><\/div><\/div><\/div><div class=\"fusion-layout-column fusion_builder_column fusion-builder-column-6 fusion_builder_column_1_1 1_1 fusion-flex-column\" style=\"--awb-padding-right:0px;--awb-padding-left:0px;--awb-padding-right-medium:30px;--awb-padding-left-medium:30px;--awb-padding-right-small:15px;--awb-padding-left-small:15px;--awb-bg-color:var(--awb-color1);--awb-bg-color-hover:var(--awb-color1);--awb-bg-size:cover;--awb-width-large:100%;--awb-margin-top-large:0px;--awb-spacing-right-large:0px;--awb-margin-bottom-large:0px;--awb-spacing-left-large:0px;--awb-width-medium:100%;--awb-order-medium:0;--awb-spacing-right-medium:0px;--awb-spacing-left-medium:0px;--awb-width-small:100%;--awb-order-small:0;--awb-spacing-right-small:0px;--awb-spacing-left-small:0px;\" data-scroll-devices=\"small-visibility,medium-visibility,large-visibility\"><div class=\"fusion-column-wrapper fusion-column-has-shadow fusion-flex-justify-content-flex-start fusion-content-layout-column\"><div class=\"fusion-builder-row fusion-builder-row-inner fusion-row fusion-flex-align-items-stretch fusion-flex-content-wrap\" style=\"--awb-flex-grow:0;--awb-flex-grow-medium:0;--awb-flex-grow-small:0;--awb-flex-shrink:0;--awb-flex-shrink-medium:0;--awb-flex-shrink-small:0;width:calc( 100% + 0px ) !important;max-width:calc( 100% + 0px ) !important;margin-left: calc(-0px \/ 2 );margin-right: calc(-0px \/ 2 );\"><div class=\"fusion-layout-column fusion_builder_column_inner fusion-builder-nested-column-1 fusion_builder_column_inner_1_3 1_3 fusion-flex-column fusion-flex-align-self-stretch\" style=\"--awb-padding-top:50px;--awb-padding-right:30px;--awb-padding-bottom:50px;--awb-padding-left:30px;--awb-padding-top-small:0px;--awb-padding-right-small:0px;--awb-padding-bottom-small:30px;--awb-padding-left-small:0px;--awb-overflow:hidden;--awb-bg-color:var(--awb-color3);--awb-bg-color-hover:var(--awb-color3);--awb-bg-size:cover;--awb-border-color:var(--awb-color3);--awb-border-style:solid;--awb-border-radius:4px 4px 4px 4px;--awb-width-large:33.333333333333%;--awb-margin-top-large:0px;--awb-spacing-right-large:7.5px;--awb-margin-bottom-large:30px;--awb-spacing-left-large:0px;--awb-width-medium:33.333333333333%;--awb-order-medium:0;--awb-spacing-right-medium:7.5px;--awb-spacing-left-medium:0px;--awb-width-small:100%;--awb-order-small:0;--awb-spacing-right-small:0px;--awb-spacing-left-small:0px;\" data-scroll-devices=\"small-visibility,medium-visibility,large-visibility\"><div class=\"fusion-column-wrapper fusion-column-has-shadow fusion-flex-justify-content-flex-start fusion-content-layout-column\"><div class=\"fusion-title title fusion-title-4 fusion-sep-none fusion-title-text fusion-title-size-three\" style=\"--awb-margin-top:0px;--awb-margin-right:0px;--awb-margin-left:0px;--awb-margin-top-small:0px;--awb-margin-right-small:0px;--awb-margin-bottom-small:15px;--awb-margin-left-small:0px;\"><h3 class=\"fusion-title-heading title-heading-left fusion-responsive-typography-calculated\" style=\"margin:0;text-transform:none;--fontSize:24;line-height:var(--awb-custom_typography_4-line-height);\">Suivi administratif<\/h3><\/div><div class=\"fusion-text fusion-text-3 fusion-text-no-margin\" style=\"--awb-text-color:var(--awb-color8);--awb-margin-bottom:0px;\"><p>Nous prenons en charge toutes les obligations li\u00e9es \u00e0 l\u2019embauche : du contrat de travail, au r\u00e8glement de travail, jusqu\u2019\u00e0 l\u2019affiliation au service externe de pr\u00e9vention.<\/p>\n<\/div><\/div><\/div><div class=\"fusion-layout-column fusion_builder_column_inner fusion-builder-nested-column-2 fusion_builder_column_inner_1_3 1_3 fusion-flex-column fusion-flex-align-self-stretch\" style=\"--awb-padding-top:50px;--awb-padding-right:30px;--awb-padding-bottom:50px;--awb-padding-left:30px;--awb-padding-top-small:0px;--awb-padding-right-small:0px;--awb-padding-bottom-small:30px;--awb-padding-left-small:0px;--awb-overflow:hidden;--awb-bg-color:var(--awb-color3);--awb-bg-color-hover:var(--awb-color3);--awb-bg-size:cover;--awb-border-color:var(--awb-color3);--awb-border-style:solid;--awb-border-radius:4px 4px 4px 4px;--awb-width-large:33.333333333333%;--awb-margin-top-large:0px;--awb-spacing-right-large:7.5px;--awb-margin-bottom-large:30px;--awb-spacing-left-large:7.5px;--awb-width-medium:33.333333333333%;--awb-order-medium:0;--awb-spacing-right-medium:7.5px;--awb-spacing-left-medium:7.5px;--awb-width-small:100%;--awb-order-small:0;--awb-spacing-right-small:0px;--awb-spacing-left-small:0px;\" data-scroll-devices=\"small-visibility,medium-visibility,large-visibility\"><div class=\"fusion-column-wrapper fusion-column-has-shadow fusion-flex-justify-content-flex-start fusion-content-layout-column\"><div class=\"fusion-title title fusion-title-5 fusion-sep-none fusion-title-text fusion-title-size-three\" style=\"--awb-margin-top:0px;--awb-margin-right:0px;--awb-margin-left:0px;--awb-margin-top-small:0px;--awb-margin-right-small:0px;--awb-margin-bottom-small:15px;--awb-margin-left-small:0px;\"><h3 class=\"fusion-title-heading title-heading-left fusion-responsive-typography-calculated\" style=\"margin:0;text-transform:none;--fontSize:24;line-height:var(--awb-custom_typography_4-line-height);\">Conseil juridique et social<\/h3><\/div><div class=\"fusion-text fusion-text-4 fusion-text-no-margin\" style=\"--awb-text-color:var(--awb-color8);--awb-margin-bottom:0px;\"><p>Nous vous guidons \u00e0 travers le droit du travail et la l\u00e9gislation sociale, et vous informons des changements pertinents.<\/p>\n<\/div><\/div><\/div><div class=\"fusion-layout-column fusion_builder_column_inner fusion-builder-nested-column-3 fusion_builder_column_inner_1_3 1_3 fusion-flex-column fusion-flex-align-self-stretch fusion-column-inner-bg-wrapper\" style=\"--awb-padding-top:50px;--awb-padding-right:30px;--awb-padding-bottom:50px;--awb-padding-left:30px;--awb-padding-top-small:0px;--awb-padding-right-small:0px;--awb-padding-bottom-small:30px;--awb-padding-left-small:0px;--awb-overflow:hidden;--awb-inner-bg-color:var(--awb-color3);--awb-inner-bg-color-hover:var(--awb-color3);--awb-inner-bg-size:cover;--awb-border-color:var(--awb-color3);--awb-border-style:solid;--awb-border-radius:4px 4px 4px 4px;--awb-inner-bg-border-radius:4px 4px 4px 4px;--awb-inner-bg-overflow:hidden;--awb-width-large:33.333333333333%;--awb-margin-top-large:0px;--awb-spacing-right-large:7.5px;--awb-margin-bottom-large:30px;--awb-spacing-left-large:7.5px;--awb-width-medium:33.333333333333%;--awb-order-medium:0;--awb-spacing-right-medium:7.5px;--awb-spacing-left-medium:7.5px;--awb-width-small:100%;--awb-order-small:0;--awb-spacing-right-small:0px;--awb-spacing-left-small:0px;\" data-scroll-devices=\"small-visibility,medium-visibility,large-visibility\"><span class=\"fusion-column-inner-bg hover-type-none\"><a class=\"fusion-column-anchor\" href=\"https:\/\/bakertilly.be\/fr\/payroll\/\"><span class=\"fusion-column-inner-bg-image\"><\/span><\/a><\/span><div class=\"fusion-column-wrapper fusion-column-has-shadow fusion-flex-justify-content-flex-start fusion-content-layout-column\"><div class=\"fusion-title title fusion-title-6 fusion-sep-none fusion-title-text fusion-title-size-three\" style=\"--awb-margin-top:0px;--awb-margin-right:0px;--awb-margin-left:0px;--awb-margin-top-small:0px;--awb-margin-right-small:0px;--awb-margin-bottom-small:15px;--awb-margin-left-small:0px;\"><h3 class=\"fusion-title-heading title-heading-left fusion-responsive-typography-calculated\" style=\"margin:0;text-transform:none;--fontSize:24;line-height:var(--awb-custom_typography_4-line-height);\">Une gestion de la paie fluide et efficace<\/h3><\/div><div class=\"fusion-text fusion-text-5 fusion-text-no-margin\" style=\"--awb-text-color:var(--awb-color8);--awb-margin-bottom:0px;\"><p>Nous assurons le calcul des salaires, le traitement administratif, et la conformit\u00e9 fiscale et sociale.<\/p>\n<\/div><\/div><\/div><div class=\"fusion-layout-column fusion_builder_column_inner fusion-builder-nested-column-4 fusion_builder_column_inner_1_3 1_3 fusion-flex-column fusion-flex-align-self-stretch fusion-column-inner-bg-wrapper\" style=\"--awb-padding-top:50px;--awb-padding-right:30px;--awb-padding-bottom:50px;--awb-padding-left:30px;--awb-padding-top-small:0px;--awb-padding-right-small:0px;--awb-padding-bottom-small:30px;--awb-padding-left-small:0px;--awb-overflow:hidden;--awb-inner-bg-color:var(--awb-color3);--awb-inner-bg-color-hover:var(--awb-color3);--awb-inner-bg-size:cover;--awb-border-color:var(--awb-color3);--awb-border-style:solid;--awb-border-radius:4px 4px 4px 4px;--awb-inner-bg-border-radius:4px 4px 4px 4px;--awb-inner-bg-overflow:hidden;--awb-width-large:33.333333333333%;--awb-margin-top-large:0px;--awb-spacing-right-large:7.5px;--awb-margin-bottom-large:0px;--awb-spacing-left-large:0px;--awb-width-medium:33.333333333333%;--awb-order-medium:0;--awb-spacing-right-medium:7.5px;--awb-spacing-left-medium:0px;--awb-width-small:100%;--awb-order-small:0;--awb-spacing-right-small:0px;--awb-spacing-left-small:0px;\" data-scroll-devices=\"small-visibility,medium-visibility,large-visibility\"><span class=\"fusion-column-inner-bg hover-type-none\"><a class=\"fusion-column-anchor\" href=\"https:\/\/bakertilly.be\/nl\/belastingadvies-voor-bedrijven\/loonoptimalisaties\/\"><span class=\"fusion-column-inner-bg-image\"><\/span><\/a><\/span><div class=\"fusion-column-wrapper fusion-column-has-shadow fusion-flex-justify-content-flex-start fusion-content-layout-column\"><div class=\"fusion-title title fusion-title-7 fusion-sep-none fusion-title-text fusion-title-size-three\" style=\"--awb-margin-top:0px;--awb-margin-right:0px;--awb-margin-left:0px;--awb-margin-top-small:0px;--awb-margin-right-small:0px;--awb-margin-bottom-small:15px;--awb-margin-left-small:0px;\"><h3 class=\"fusion-title-heading title-heading-left fusion-responsive-typography-calculated\" style=\"margin:0;text-transform:none;--fontSize:24;line-height:var(--awb-custom_typography_4-line-height);\">Une politique salariale sur mesure<\/h3><\/div><div class=\"fusion-text fusion-text-6 fusion-text-no-margin\" style=\"--awb-text-color:var(--awb-color8);--awb-margin-bottom:0px;\"><p>D\u00e9buter avec des ch\u00e8ques-repas ? Des conseils sur la mobilit\u00e9 ? Nous \u00e9laborons une strat\u00e9gie fiscalement avantageuse adapt\u00e9e \u00e0 votre activit\u00e9.<\/p>\n<\/div><\/div><\/div><div class=\"fusion-layout-column fusion_builder_column_inner fusion-builder-nested-column-5 fusion_builder_column_inner_1_3 1_3 fusion-flex-column fusion-flex-align-self-stretch\" style=\"--awb-padding-top:50px;--awb-padding-right:30px;--awb-padding-bottom:50px;--awb-padding-left:30px;--awb-padding-top-small:0px;--awb-padding-right-small:0px;--awb-padding-bottom-small:30px;--awb-padding-left-small:0px;--awb-overflow:hidden;--awb-bg-color:var(--awb-color3);--awb-bg-color-hover:var(--awb-color3);--awb-bg-size:cover;--awb-border-color:var(--awb-color3);--awb-border-style:solid;--awb-border-radius:4px 4px 4px 4px;--awb-width-large:33.333333333333%;--awb-margin-top-large:0px;--awb-spacing-right-large:7.5px;--awb-margin-bottom-large:0px;--awb-spacing-left-large:7.5px;--awb-width-medium:33.333333333333%;--awb-order-medium:0;--awb-spacing-right-medium:7.5px;--awb-spacing-left-medium:7.5px;--awb-width-small:100%;--awb-order-small:0;--awb-spacing-right-small:0px;--awb-spacing-left-small:0px;\" data-scroll-devices=\"small-visibility,medium-visibility,large-visibility\"><div class=\"fusion-column-wrapper fusion-column-has-shadow fusion-flex-justify-content-flex-start fusion-content-layout-column\"><div class=\"fusion-title title fusion-title-8 fusion-sep-none fusion-title-text fusion-title-size-three\" style=\"--awb-margin-top:0px;--awb-margin-right:0px;--awb-margin-left:0px;--awb-margin-top-small:0px;--awb-margin-right-small:0px;--awb-margin-bottom-small:15px;--awb-margin-left-small:0px;\"><h3 class=\"fusion-title-heading title-heading-left fusion-responsive-typography-calculated\" style=\"margin:0;text-transform:none;--fontSize:24;line-height:var(--awb-custom_typography_4-line-height);\">Conseil RH strat\u00e9gique<\/h3><\/div><div class=\"fusion-text fusion-text-7 fusion-text-no-margin\" style=\"--awb-text-color:var(--awb-color8);--awb-margin-bottom:0px;\"><p>Mieux vaut-il engager un salari\u00e9 fixe, un freelance ou un \u00e9tudiant ? Nous analysons la meilleure solution en fonction de vos besoins RH.<\/p>\n<\/div><\/div><\/div><div class=\"fusion-layout-column fusion_builder_column_inner fusion-builder-nested-column-6 fusion_builder_column_inner_1_3 1_3 fusion-flex-column fusion-flex-align-self-stretch fusion-column-inner-bg-wrapper\" style=\"--awb-padding-top:50px;--awb-padding-right:30px;--awb-padding-bottom:50px;--awb-padding-left:30px;--awb-padding-top-small:0px;--awb-padding-right-small:0px;--awb-padding-bottom-small:30px;--awb-padding-left-small:0px;--awb-overflow:hidden;--awb-inner-bg-color:var(--awb-color3);--awb-inner-bg-color-hover:var(--awb-color3);--awb-inner-bg-size:cover;--awb-border-color:var(--awb-color3);--awb-border-style:solid;--awb-border-radius:4px 4px 4px 4px;--awb-inner-bg-border-radius:4px 4px 4px 4px;--awb-inner-bg-overflow:hidden;--awb-width-large:33.333333333333%;--awb-margin-top-large:0px;--awb-spacing-right-large:7.5px;--awb-margin-bottom-large:0px;--awb-spacing-left-large:7.5px;--awb-width-medium:33.333333333333%;--awb-order-medium:0;--awb-spacing-right-medium:7.5px;--awb-spacing-left-medium:7.5px;--awb-width-small:100%;--awb-order-small:0;--awb-spacing-right-small:0px;--awb-spacing-left-small:0px;\" data-scroll-devices=\"small-visibility,medium-visibility,large-visibility\"><span class=\"fusion-column-inner-bg hover-type-none\"><a class=\"fusion-column-anchor\" href=\"https:\/\/bakertilly.be\/nl\/diensten\/consultancy\/hr-consultancy-services\/hr-outsourcing\/\"><span class=\"fusion-column-inner-bg-image\"><\/span><\/a><\/span><div class=\"fusion-column-wrapper fusion-column-has-shadow fusion-flex-justify-content-flex-start fusion-content-layout-column\"><div class=\"fusion-title title fusion-title-9 fusion-sep-none fusion-title-text fusion-title-size-three\" style=\"--awb-margin-top:0px;--awb-margin-right:0px;--awb-margin-left:0px;--awb-margin-top-small:0px;--awb-margin-right-small:0px;--awb-margin-bottom-small:15px;--awb-margin-left-small:0px;\"><h3 class=\"fusion-title-heading title-heading-left fusion-responsive-typography-calculated\" style=\"margin:0;text-transform:none;--fontSize:24;line-height:var(--awb-custom_typography_4-line-height);\">Externalisation RH<\/h3><\/div><div class=\"fusion-text fusion-text-8 fusion-text-no-margin\" style=\"--awb-text-color:var(--awb-color8);--awb-margin-bottom:0px;\"><p>Vous souhaitez d\u00e9l\u00e9guer vos t\u00e2ches RH ? Nos sp\u00e9cialistes assurent le suivi de toute l\u2019administration RH et les obligations juridiques.<\/p>\n<\/div><\/div><\/div><\/div><\/div><\/div><\/div><\/div><div class=\"fusion-fullwidth fullwidth-box fusion-builder-row-4 fusion-flex-container has-pattern-background has-mask-background nonhundred-percent-fullwidth non-hundred-percent-height-scrolling bt-container-werkwijze\" style=\"--awb-border-radius-top-left:0px;--awb-border-radius-top-right:0px;--awb-border-radius-bottom-right:0px;--awb-border-radius-bottom-left:0px;--awb-margin-bottom:60px;--awb-margin-bottom-small:30px;--awb-flex-wrap:wrap;\" ><div class=\"fusion-builder-row fusion-row fusion-flex-align-items-flex-start fusion-flex-content-wrap\" style=\"max-width:calc( 1400px + 45px );margin-left: calc(-45px \/ 2 );margin-right: calc(-45px \/ 2 );\"><div class=\"fusion-layout-column fusion_builder_column fusion-builder-column-7 fusion_builder_column_1_1 1_1 fusion-flex-column\" style=\"--awb-bg-size:cover;--awb-width-large:100%;--awb-margin-top-large:0px;--awb-spacing-right-large:22.5px;--awb-margin-bottom-large:30px;--awb-spacing-left-large:22.5px;--awb-width-medium:100%;--awb-order-medium:0;--awb-spacing-right-medium:22.5px;--awb-spacing-left-medium:22.5px;--awb-width-small:100%;--awb-order-small:0;--awb-spacing-right-small:22.5px;--awb-spacing-left-small:22.5px;\" data-scroll-devices=\"small-visibility,medium-visibility,large-visibility\"><div class=\"fusion-column-wrapper fusion-column-has-shadow fusion-flex-justify-content-flex-start fusion-content-layout-column\"><div class=\"fusion-title title fusion-title-10 fusion-sep-none fusion-title-text fusion-title-size-two\" style=\"--awb-margin-top:0px;--awb-margin-right:0px;--awb-margin-left:0px;--awb-margin-top-small:0px;--awb-margin-right-small:0px;--awb-margin-bottom-small:15px;--awb-margin-left-small:0px;\"><h2 class=\"fusion-title-heading title-heading-left fusion-responsive-typography-calculated\" style=\"margin:0;text-transform:none;--fontSize:36;line-height:var(--awb-custom_typography_3-line-height);\">Pourquoi travailler avec Baker Tilly ?<\/h2><\/div><\/div><\/div><div class=\"fusion-layout-column fusion_builder_column fusion-builder-column-8 fusion_builder_column_1_3 1_3 fusion-flex-column\" style=\"--awb-padding-left:45px;--awb-bg-size:cover;--awb-width-large:33.333333333333%;--awb-margin-top-large:0px;--awb-spacing-right-large:22.5px;--awb-margin-bottom-large:0px;--awb-spacing-left-large:22.5px;--awb-width-medium:33.333333333333%;--awb-order-medium:0;--awb-spacing-right-medium:22.5px;--awb-spacing-left-medium:22.5px;--awb-width-small:100%;--awb-order-small:0;--awb-spacing-right-small:22.5px;--awb-margin-bottom-small:30px;--awb-spacing-left-small:22.5px;\" data-scroll-devices=\"small-visibility,medium-visibility,large-visibility\"><div class=\"fusion-column-wrapper fusion-column-has-shadow fusion-flex-justify-content-flex-start fusion-content-layout-column\"><div class=\"fusion-text fusion-text-9 fusion-text-no-margin bt-container-werkwijze-number\" style=\"--awb-font-size:var(--awb-custom_typography_8-font-size);--awb-line-height:var(--awb-custom_typography_8-line-height);--awb-letter-spacing:var(--awb-custom_typography_8-letter-spacing);--awb-text-transform:var(--awb-custom_typography_8-text-transform);--awb-text-color:var(--awb-color8);--awb-margin-top:0px;--awb-margin-right:0px;--awb-margin-bottom:0px;--awb-margin-left:0px;--awb-text-font-family:var(--awb-typography4-font-family);--awb-text-font-weight:var(--awb-typography4-font-weight);--awb-text-font-style:var(--awb-typography4-font-style);\"><p>1<\/p>\n<\/div><div class=\"fusion-title title fusion-title-11 fusion-sep-none fusion-title-text fusion-title-size-three\" style=\"--awb-margin-top:0px;--awb-margin-right:0px;--awb-margin-bottom:10px;--awb-margin-left:0px;--awb-margin-top-small:0px;--awb-margin-right-small:0px;--awb-margin-bottom-small:10px;--awb-margin-left-small:0px;\"><h3 class=\"fusion-title-heading title-heading-left fusion-responsive-typography-calculated\" style=\"margin:0;text-transform:none;--fontSize:24;line-height:var(--awb-custom_typography_4-line-height);\">Une \u00e9quipe multidisciplinaire<\/h3><\/div><div class=\"fusion-text fusion-text-10 fusion-text-no-margin\" style=\"--awb-text-color:var(--awb-color8);--awb-margin-bottom:0px;\"><p>En tant que guichet unique pour la paie et les services RH, nous r\u00e9pondons avec souplesse aux besoins de votre entreprise. Mise en place d\u2019une politique de bien-\u00eatre, int\u00e9gration de la paie dans la comptabilit\u00e9 ou conseils fiscaux : notre \u00e9quipe est \u00e0 vos c\u00f4t\u00e9s.<\/p>\n<\/div><\/div><\/div><div class=\"fusion-layout-column fusion_builder_column fusion-builder-column-9 fusion_builder_column_1_3 1_3 fusion-flex-column\" style=\"--awb-padding-left:45px;--awb-bg-size:cover;--awb-width-large:33.333333333333%;--awb-margin-top-large:0px;--awb-spacing-right-large:22.5px;--awb-margin-bottom-large:0px;--awb-spacing-left-large:22.5px;--awb-width-medium:33.333333333333%;--awb-order-medium:0;--awb-spacing-right-medium:22.5px;--awb-spacing-left-medium:22.5px;--awb-width-small:100%;--awb-order-small:0;--awb-spacing-right-small:22.5px;--awb-margin-bottom-small:30px;--awb-spacing-left-small:22.5px;\" data-scroll-devices=\"small-visibility,medium-visibility,large-visibility\"><div class=\"fusion-column-wrapper fusion-column-has-shadow fusion-flex-justify-content-flex-start fusion-content-layout-column\"><div class=\"fusion-text fusion-text-11 fusion-text-no-margin bt-container-werkwijze-number\" style=\"--awb-font-size:var(--awb-custom_typography_8-font-size);--awb-line-height:var(--awb-custom_typography_8-line-height);--awb-letter-spacing:var(--awb-custom_typography_8-letter-spacing);--awb-text-transform:var(--awb-custom_typography_8-text-transform);--awb-text-color:var(--awb-color8);--awb-margin-top:0px;--awb-margin-right:0px;--awb-margin-bottom:0px;--awb-margin-left:0px;--awb-text-font-family:var(--awb-typography4-font-family);--awb-text-font-weight:var(--awb-typography4-font-weight);--awb-text-font-style:var(--awb-typography4-font-style);\"><p>2<\/p>\n<\/div><div class=\"fusion-title title fusion-title-12 fusion-sep-none fusion-title-text fusion-title-size-three\" style=\"--awb-margin-top:0px;--awb-margin-right:0px;--awb-margin-bottom:10px;--awb-margin-left:0px;--awb-margin-top-small:0px;--awb-margin-right-small:0px;--awb-margin-bottom-small:10px;--awb-margin-left-small:0px;\"><h3 class=\"fusion-title-heading title-heading-left fusion-responsive-typography-calculated\" style=\"margin:0;text-transform:none;--fontSize:24;line-height:var(--awb-custom_typography_4-line-height);\">Un interlocuteur strat\u00e9gique<\/h3><\/div><div class=\"fusion-text fusion-text-12 fusion-text-no-margin\" style=\"--awb-text-color:var(--awb-color8);--awb-margin-bottom:0px;\"><p>Chaque entreprise est diff\u00e9rente. Nous partons toujours de votre situation sp\u00e9cifique pour r\u00e9fl\u00e9chir strat\u00e9giquement \u00e0 l\u2019optimisation de votre politique RH.<\/p>\n<\/div><\/div><\/div><div class=\"fusion-layout-column fusion_builder_column fusion-builder-column-10 fusion_builder_column_1_3 1_3 fusion-flex-column\" style=\"--awb-padding-left:45px;--awb-bg-size:cover;--awb-width-large:33.333333333333%;--awb-margin-top-large:0px;--awb-spacing-right-large:22.5px;--awb-margin-bottom-large:0px;--awb-spacing-left-large:22.5px;--awb-width-medium:33.333333333333%;--awb-order-medium:0;--awb-spacing-right-medium:22.5px;--awb-spacing-left-medium:22.5px;--awb-width-small:100%;--awb-order-small:0;--awb-spacing-right-small:22.5px;--awb-margin-bottom-small:30px;--awb-spacing-left-small:22.5px;\" data-scroll-devices=\"small-visibility,medium-visibility,large-visibility\"><div class=\"fusion-column-wrapper fusion-column-has-shadow fusion-flex-justify-content-flex-start fusion-content-layout-column\"><div class=\"fusion-text fusion-text-13 fusion-text-no-margin bt-container-werkwijze-number\" style=\"--awb-font-size:var(--awb-custom_typography_8-font-size);--awb-line-height:var(--awb-custom_typography_8-line-height);--awb-letter-spacing:var(--awb-custom_typography_8-letter-spacing);--awb-text-transform:var(--awb-custom_typography_8-text-transform);--awb-text-color:var(--awb-color8);--awb-margin-top:0px;--awb-margin-right:0px;--awb-margin-bottom:0px;--awb-margin-left:0px;--awb-text-font-family:var(--awb-typography4-font-family);--awb-text-font-weight:var(--awb-typography4-font-weight);--awb-text-font-style:var(--awb-typography4-font-style);\"><p>3<\/p>\n<\/div><div class=\"fusion-title title fusion-title-13 fusion-sep-none fusion-title-text fusion-title-size-three\" style=\"--awb-margin-top:0px;--awb-margin-right:0px;--awb-margin-bottom:10px;--awb-margin-left:0px;--awb-margin-top-small:0px;--awb-margin-right-small:0px;--awb-margin-bottom-small:10px;--awb-margin-left-small:0px;\"><h3 class=\"fusion-title-heading title-heading-left fusion-responsive-typography-calculated\" style=\"margin:0;text-transform:none;--fontSize:24;line-height:var(--awb-custom_typography_4-line-height);\">Un interlocuteur d\u00e9di\u00e9<\/h3><\/div><div class=\"fusion-text fusion-text-14 fusion-text-no-margin\" style=\"--awb-text-color:var(--awb-color8);--awb-margin-bottom:0px;\"><p>Des questions ou besoin d\u2019un conseil ? Avec un contact d\u00e9di\u00e9, vous b\u00e9n\u00e9ficiez d\u2019une communication rapide et efficace. Nous vous tenons \u00e9galement inform\u00e9 proactivement des \u00e9volutions et opportunit\u00e9s dans votre secteur.<\/p>\n<\/div><\/div><\/div><\/div><\/div><div class=\"fusion-fullwidth fullwidth-box fusion-builder-row-5 fusion-flex-container has-pattern-background has-mask-background nonhundred-percent-fullwidth non-hundred-percent-height-scrolling\" style=\"--awb-border-radius-top-left:0px;--awb-border-radius-top-right:0px;--awb-border-radius-bottom-right:0px;--awb-border-radius-bottom-left:0px;--awb-margin-bottom:0px;--awb-margin-bottom-medium:60px;--awb-margin-bottom-small:30px;--awb-flex-wrap:wrap;\" ><div class=\"fusion-builder-row fusion-row fusion-flex-align-items-stretch fusion-flex-content-wrap\" style=\"max-width:1456px;margin-left: calc(-4% \/ 2 );margin-right: calc(-4% \/ 2 );\"><div class=\"fusion-layout-column fusion_builder_column fusion-builder-column-11 fusion_builder_column_1_1 1_1 fusion-flex-column\" style=\"--awb-padding-top:60px;--awb-padding-bottom:60px;--awb-padding-top-small:0px;--awb-padding-bottom-small:0px;--awb-bg-size:cover;--awb-width-large:100%;--awb-margin-top-large:0px;--awb-spacing-right-large:1.92%;--awb-margin-bottom-large:0px;--awb-spacing-left-large:1.92%;--awb-width-medium:100%;--awb-order-medium:0;--awb-spacing-right-medium:1.92%;--awb-spacing-left-medium:1.92%;--awb-width-small:100%;--awb-order-small:0;--awb-spacing-right-small:1.92%;--awb-spacing-left-small:1.92%;\" data-scroll-devices=\"small-visibility,medium-visibility,large-visibility\"><div class=\"fusion-column-wrapper fusion-column-has-shadow fusion-flex-justify-content-flex-start fusion-content-layout-column\"><div class=\"fusion-title title fusion-title-14 fusion-sep-none fusion-title-text fusion-title-size-two\" style=\"--awb-margin-top:0px;--awb-margin-right:0px;--awb-margin-left:0px;--awb-margin-top-small:0px;--awb-margin-right-small:0px;--awb-margin-bottom-small:15px;--awb-margin-left-small:0px;\"><h2 class=\"fusion-title-heading title-heading-left fusion-responsive-typography-calculated\" style=\"margin:0;text-transform:none;--fontSize:36;line-height:var(--awb-custom_typography_3-line-height);\">Quelles sont les primes et les r\u00e9ductions de l&rsquo;ONSS auxquelles vous pouvez pr\u00e9tendre avec un premier employ\u00e9 ?<\/h2><\/div><div class=\"fusion-text fusion-text-15 fusion-text-no-margin\" style=\"--awb-text-color:var(--awb-color8);--awb-margin-bottom:15px;\"><p>L&#8217;embauche d&rsquo;un premier salari\u00e9 n\u00e9cessite \u00e9galement un investissement. Heureusement, il existe diff\u00e9rentes mesures de soutien.<\/p>\n<\/div><ul style=\"--awb-iconcolor:var(--awb-color6);--awb-line-height:27.2px;--awb-icon-width:27.2px;--awb-icon-height:27.2px;--awb-icon-margin:11.2px;--awb-content-margin:38.4px;\" class=\"fusion-checklist fusion-checklist-2 fusion-checklist-default type-icons\"><li class=\"fusion-li-item\" style=\"\"><span class=\"icon-wrapper circle-no\"><i class=\"fusion-li-icon fa-check-circle fas\" aria-hidden=\"true\"><\/i><\/span><div class=\"fusion-li-item-content\">\n<p><strong>R\u00e9duction ONSS pour le premier employ\u00e9<\/strong><br \/>\nLes nouveaux employeurs peuvent compter sur une r\u00e9duction ONSS allant jusqu&rsquo;\u00e0 3 100 euros par trimestre sous certaines conditions, sans limite de temps. Les r\u00e9ductions temporaires de l&rsquo;ONSS s&rsquo;appliquent aux deuxi\u00e8me et troisi\u00e8me employ\u00e9s.<\/p>\n<\/div><\/li><li class=\"fusion-li-item\" style=\"\"><span class=\"icon-wrapper circle-no\"><i class=\"fusion-li-icon fa-check-circle fas\" aria-hidden=\"true\"><\/i><\/span><div class=\"fusion-li-item-content\">\n<p><b>Mesures d&rsquo;aide r\u00e9gionale<\/b><br \/>\nEn fonction de la r\u00e9gion dans laquelle votre entreprise est \u00e9tablie, vous pouvez peut-\u00eatre demander des aides suppl\u00e9mentaires. En Flandre, par exemple, il existe des r\u00e9ductions de cotisations sociales pour l\u2019embauche de demandeurs d\u2019emploi ayant peu d\u2019exp\u00e9rience professionnelle r\u00e9cente et durable.<\/p>\n<\/div><\/li><\/ul><\/div><\/div><\/div><\/div><div class=\"fusion-fullwidth fullwidth-box fusion-builder-row-6 fusion-flex-container has-pattern-background has-mask-background nonhundred-percent-fullwidth non-hundred-percent-height-scrolling\" style=\"--awb-border-radius-top-left:0px;--awb-border-radius-top-right:0px;--awb-border-radius-bottom-right:0px;--awb-border-radius-bottom-left:0px;--awb-margin-bottom:120px;--awb-margin-bottom-small:0px;--awb-flex-wrap:wrap;\" ><div class=\"fusion-builder-row fusion-row fusion-flex-align-items-flex-start fusion-flex-justify-content-center fusion-flex-content-wrap\" style=\"max-width:1456px;margin-left: calc(-4% \/ 2 );margin-right: calc(-4% \/ 2 );\"><div class=\"fusion-layout-column fusion_builder_column fusion-builder-column-12 fusion_builder_column_2_3 2_3 fusion-flex-column\" style=\"--awb-bg-size:cover;--awb-width-large:66.666666666667%;--awb-margin-top-large:0px;--awb-spacing-right-large:2.88%;--awb-margin-bottom-large:30px;--awb-spacing-left-large:2.88%;--awb-width-medium:66.666666666667%;--awb-order-medium:0;--awb-spacing-right-medium:2.88%;--awb-spacing-left-medium:2.88%;--awb-width-small:100%;--awb-order-small:0;--awb-spacing-right-small:1.92%;--awb-spacing-left-small:1.92%;\" data-scroll-devices=\"small-visibility,medium-visibility,large-visibility\"><div class=\"fusion-column-wrapper fusion-column-has-shadow fusion-flex-justify-content-flex-start fusion-content-layout-column\"><div class=\"fusion-title title fusion-title-15 fusion-sep-none fusion-title-text fusion-title-size-two\" style=\"--awb-margin-top:0px;--awb-margin-right:0px;--awb-margin-bottom:25px;--awb-margin-left:0px;--awb-margin-top-small:0px;--awb-margin-right-small:0px;--awb-margin-bottom-small:25px;--awb-margin-left-small:0px;\"><h2 class=\"fusion-title-heading title-heading-left fusion-responsive-typography-calculated\" style=\"margin:0;text-transform:none;--fontSize:36;line-height:var(--awb-custom_typography_3-line-height);\">6 \u00e9tapes pour l&#8217;embauche d&rsquo;un premier salari\u00e9<\/h2><\/div><div class=\"fusion-content-boxes content-boxes columns row fusion-columns-1 fusion-columns-total-6 fusion-content-boxes-1 content-boxes-timeline-vertical content-left content-boxes-timeline-layout content-boxes-icon-with-title bt-custom_timeline fusion-delayed-animation\" style=\"--awb-backgroundcolor:hsla(var(--awb-color1-h),var(--awb-color1-s),var(--awb-color1-l),calc(var(--awb-color1-a) - 100%));--awb-border-radius-top-left:0px;--awb-border-radius-top-right:0px;--awb-border-radius-bottom-right:0px;--awb-border-radius-bottom-left:0px;--awb-body-color:hsla(var(--awb-color8-h),var(--awb-color8-s),var(--awb-color8-l),calc(var(--awb-color8-a) - 30%));--awb-title-color:var(--awb-color8);--awb-iconcolor:var(--awb-color8);--awb-hover-accent-color:var(--awb-color8);--awb-circle-hover-accent-color:var(--awb-color8);--awb-item-margin-bottom:40px;\" data-animation-delay=\"350\" data-animationOffset=\"top-into-view\"><div style=\"--awb-backgroundcolor:hsla(var(--awb-color1-h),var(--awb-color1-s),var(--awb-color1-l),calc(var(--awb-color1-a) - 100%));--awb-iconcolor:var(--awb-color8);\" class=\"fusion-column content-box-column content-box-column content-box-column-1 col-lg-12 col-md-12 col-sm-12 fusion-content-box-hover content-box-column-last-in-row\"><div class=\"col content-box-wrapper content-wrapper link-area-link-icon icon-hover-animation-fade fusion-animated\" data-animationType=\"fadeIn\" data-animationDuration=\"0.25\" data-animationOffset=\"top-into-view\"><div class=\"heading icon-left\"><h3 class=\"content-box-heading fusion-responsive-typography-calculated\" style=\"--h3_typography-font-size:24px;--fontSize:24;line-height:var(--awb-custom_typography_4-line-height);\">Identification en tant qu'employeur aupr\u00e8s de l'ONSS et demande de num\u00e9ro ONSS<\/h3><\/div><\/div><\/div><div style=\"--awb-backgroundcolor:hsla(var(--awb-color1-h),var(--awb-color1-s),var(--awb-color1-l),calc(var(--awb-color1-a) - 100%));--awb-iconcolor:var(--awb-color8);\" class=\"fusion-column content-box-column content-box-column content-box-column-2 col-lg-12 col-md-12 col-sm-12 fusion-content-box-hover content-box-column-last-in-row\"><div class=\"col content-box-wrapper content-wrapper link-area-link-icon icon-hover-animation-fade fusion-animated\" data-animationType=\"fadeIn\" data-animationDuration=\"0.25\" data-animationOffset=\"top-into-view\"><div class=\"heading icon-left\"><h3 class=\"content-box-heading fusion-responsive-typography-calculated\" style=\"--h3_typography-font-size:24px;--fontSize:24;line-height:var(--awb-custom_typography_4-line-height);\">Adh\u00e9rer \u00e0 un service de pr\u00e9vention et de protection au travail externe<\/h3><\/div><\/div><\/div><div style=\"--awb-backgroundcolor:hsla(var(--awb-color1-h),var(--awb-color1-s),var(--awb-color1-l),calc(var(--awb-color1-a) - 100%));--awb-iconcolor:var(--awb-color8);\" class=\"fusion-column content-box-column content-box-column content-box-column-3 col-lg-12 col-md-12 col-sm-12 fusion-content-box-hover content-box-column-last-in-row\"><div class=\"col content-box-wrapper content-wrapper link-area-link-icon icon-hover-animation-fade fusion-animated\" data-animationType=\"fadeIn\" data-animationDuration=\"0.25\" data-animationOffset=\"top-into-view\"><div class=\"heading icon-left\"><h3 class=\"content-box-heading fusion-responsive-typography-calculated\" style=\"--h3_typography-font-size:24px;--fontSize:24;line-height:var(--awb-custom_typography_4-line-height);\">Souscrire \u00e0 une assurance accidents du travail<\/h3><\/div><\/div><\/div><div style=\"--awb-backgroundcolor:hsla(var(--awb-color1-h),var(--awb-color1-s),var(--awb-color1-l),calc(var(--awb-color1-a) - 100%));--awb-iconcolor:var(--awb-color8);\" class=\"fusion-column content-box-column content-box-column content-box-column-4 col-lg-12 col-md-12 col-sm-12 fusion-content-box-hover content-box-column-last-in-row\"><div class=\"col content-box-wrapper content-wrapper link-area-link-icon icon-hover-animation-fade fusion-animated\" data-animationType=\"fadeIn\" data-animationDuration=\"0.25\" data-animationOffset=\"top-into-view\"><div class=\"heading icon-left\"><h3 class=\"content-box-heading fusion-responsive-typography-calculated\" style=\"--h3_typography-font-size:24px;--fontSize:24;line-height:var(--awb-custom_typography_4-line-height);\">R\u00e9daction d'un contrat de travail<\/h3><\/div><\/div><\/div><div style=\"--awb-backgroundcolor:hsla(var(--awb-color1-h),var(--awb-color1-s),var(--awb-color1-l),calc(var(--awb-color1-a) - 100%));--awb-iconcolor:var(--awb-color8);\" class=\"fusion-column content-box-column content-box-column content-box-column-5 col-lg-12 col-md-12 col-sm-12 fusion-content-box-hover content-box-column-last-in-row\"><div class=\"col content-box-wrapper content-wrapper link-area-link-icon icon-hover-animation-fade fusion-animated\" data-animationType=\"fadeIn\" data-animationDuration=\"0.25\" data-animationOffset=\"top-into-view\"><div class=\"heading icon-left\"><h3 class=\"content-box-heading fusion-responsive-typography-calculated\" style=\"--h3_typography-font-size:24px;--fontSize:24;line-height:var(--awb-custom_typography_4-line-height);\">\u00c9laboration de la r\u00e9glementation en mati\u00e8re d'emploi <\/h3><\/div><\/div><\/div><div style=\"--awb-backgroundcolor:hsla(var(--awb-color1-h),var(--awb-color1-s),var(--awb-color1-l),calc(var(--awb-color1-a) - 100%));--awb-iconcolor:var(--awb-color8);\" class=\"fusion-column content-box-column content-box-column content-box-column-6 col-lg-12 col-md-12 col-sm-12 fusion-content-box-hover content-box-column-last content-box-column-last-in-row\"><div class=\"col content-box-wrapper content-wrapper link-area-link-icon icon-hover-animation-fade fusion-animated\" data-animationType=\"fadeIn\" data-animationDuration=\"0.25\" data-animationOffset=\"top-into-view\"><div class=\"heading icon-left\"><h3 class=\"content-box-heading fusion-responsive-typography-calculated\" style=\"--h3_typography-font-size:24px;--fontSize:24;line-height:var(--awb-custom_typography_4-line-height);\">Prise en charge du paiement du premier salaire et des d\u00e9clarations<\/h3><\/div><\/div><\/div><div class=\"fusion-clearfix\"><\/div><\/div><\/div><\/div><\/div><\/div><div class=\"fusion-fullwidth fullwidth-box fusion-builder-row-7 fusion-flex-container has-pattern-background has-mask-background nonhundred-percent-fullwidth non-hundred-percent-height-scrolling\" style=\"--awb-border-radius-top-left:0px;--awb-border-radius-top-right:0px;--awb-border-radius-bottom-right:0px;--awb-border-radius-bottom-left:0px;--awb-padding-top:60px;--awb-padding-bottom:60px;--awb-margin-bottom:30px;--awb-margin-bottom-medium:75px;--awb-margin-bottom-small:30px;--awb-background-color:var(--awb-custom_color_9);--awb-flex-wrap:wrap;\" ><div class=\"fusion-builder-row fusion-row fusion-flex-align-items-flex-start fusion-flex-content-wrap\" style=\"max-width:1456px;margin-left: calc(-4% \/ 2 );margin-right: calc(-4% \/ 2 );\"><div class=\"fusion-layout-column fusion_builder_column fusion-builder-column-13 fusion_builder_column_1_1 1_1 fusion-flex-column\" style=\"--awb-bg-size:cover;--awb-width-large:100%;--awb-margin-top-large:0px;--awb-spacing-right-large:1.92%;--awb-margin-bottom-large:30px;--awb-spacing-left-large:1.92%;--awb-width-medium:100%;--awb-order-medium:0;--awb-spacing-right-medium:1.92%;--awb-spacing-left-medium:1.92%;--awb-width-small:100%;--awb-order-small:0;--awb-spacing-right-small:1.92%;--awb-spacing-left-small:1.92%;\" data-scroll-devices=\"small-visibility,medium-visibility,large-visibility\"><div class=\"fusion-column-wrapper fusion-column-has-shadow fusion-flex-justify-content-flex-start fusion-content-layout-column\"><div class=\"fusion-title title fusion-title-16 fusion-sep-none fusion-title-center fusion-title-text fusion-title-size-two\" style=\"--awb-margin-top:0px;--awb-margin-right:0px;--awb-margin-bottom:45px;--awb-margin-left:0px;--awb-margin-top-small:0px;--awb-margin-right-small:0px;--awb-margin-bottom-small:30px;--awb-margin-left-small:0px;\"><h2 class=\"fusion-title-heading title-heading-center fusion-responsive-typography-calculated\" style=\"margin:0;text-transform:none;--fontSize:36;line-height:var(--awb-custom_typography_3-line-height);\">Questions fr\u00e9quemment pos\u00e9es sur l&#8217;embauche d&rsquo;un premier salari\u00e9<\/h2><\/div><style type=\"text\/css\">.fusion-faqs-wrapper #accordian-1 .fusion-panel { border-color:var(--awb-color3); }.fusion-faqs-wrapper #accordian-1 .fusion-panel:hover{ border-color: var(--awb-color3); }.fusion-accordian #accordian-1 .panel-title a .fa-fusion-box:before{ font-size: 16px;width: 16px;}.fusion-accordian #accordian-1 .panel-title a .fa-fusion-box{ color: var(--awb-color8);}.fusion-accordian #accordian-1.fusion-toggle-icon-right .fusion-toggle-heading{ margin-right: 34px;}.fusion-accordian  #accordian-1 .panel-title a{font-size:var(--awb-custom_typography_5-font-size);text-transform:var(--awb-custom_typography_5-text-transform);line-height:var(--awb-custom_typography_5-line-height);letter-spacing:var(--awb-custom_typography_5-letter-spacing);font-family:var(--awb-custom_typography_5-font-family);font-weight:var(--awb-custom_typography_5-font-weight);font-style:var(--awb-custom_typography_5-font-style);}.fusion-accordian  #accordian-1 .panel-title a:not(:hover){}.fusion-accordian  #accordian-1 .toggle-content{font-family:var(--awb-typography3-font-family);font-weight:var(--awb-typography3-font-weight);font-style:var(--awb-typography3-font-style);}.fusion-accordian #accordian-1 .panel-title a:hover,.fusion-accordian #accordian-1 .panel-title a.hover { color: var(--awb-color8);}.fusion-faq-shortcode .fusion-accordian #accordian-1 .fusion-toggle-boxed-mode:hover .panel-title a { color: var(--awb-color8);}.fusion-accordian #accordian-1.fusion-toggle-icon-unboxed .panel-title a:hover .fa-fusion-box,.fusion-accordian #accordian-1.fusion-toggle-icon-unboxed .panel-title a.hover .fa-fusion-box { color: var(--awb-color8); }.fusion-faqs-wrapper .fusion-accordian #accordian-1 .panel-title a.active{ color: var(--awb-color8) !important;}.fusion-faqs-wrapper .fusion-accordian  #accordian-1.fusion-toggle-icon-unboxed .fusion-panel .panel-title a.active .fa-fusion-box{ color: var(--awb-color8) !important;}<\/style><div class=\"fusion-faq-shortcode\" style=\"\"><div class=\"fusion-faqs-wrapper\"><div class=\"accordian fusion-accordian\"><div class=\"panel-group  fusion-toggle-icon-right fusion-toggle-icon-unboxed\" id=\"accordian-1\"><div class=\"fusion-panel fusion-toggle-no-divider panel-default fusion-faq-post fusion-faq-post-20091 embaucher-son-premier-salarie \"><span class=\"entry-title rich-snippet-hidden\">Quelles sont les premi\u00e8res \u00e9tapes \u00e0 suivre pour embaucher un salari\u00e9 ?<\/span><span class=\"updated rich-snippet-hidden\">2025-08-27T10:59:13+02:00<\/span><div class=\"panel-heading\"><h4 id=\"faq_1-20091\" class=\"panel-title toggle\"><a data-toggle=\"collapse\" class=\"collapsed\" data-parent=\"#accordian-1\" data-target=\"#collapse-1-20091\" href=\"#collapse-1-20091\" aria-expanded=\"false\"><div class=\"fusion-toggle-icon-wrapper\"><div class=\"fusion-toggle-icon-wrapper-main\"><div class=\"fusion-toggle-icon-wrapper-sub\"><i class=\"fa-fusion-box active-icon fa-chevron-up fas\" aria-hidden=\"true\"><\/i><i class=\"fa-fusion-box inactive-icon fa-chevron-down fas\" aria-hidden=\"true\"><\/i><\/div><\/div><\/div><div class=\"fusion-toggle-heading\">Quelles sont les premi\u00e8res \u00e9tapes \u00e0 suivre pour embaucher un salari\u00e9 ?<\/div><\/a><\/h4><\/div><div id=\"collapse-1-20091\" aria-labelledby=\"faq_1-20091\" class=\"panel-collapse collapse\"><div class=\"panel-body toggle-content post-content\"><div class=\"fusion-fullwidth fullwidth-box fusion-builder-row-7-1 fusion-flex-container nonhundred-percent-fullwidth non-hundred-percent-height-scrolling\" style=\"--awb-border-radius-top-left:0px;--awb-border-radius-top-right:0px;--awb-border-radius-bottom-right:0px;--awb-border-radius-bottom-left:0px;--awb-flex-wrap:wrap;\" ><div class=\"fusion-builder-row fusion-row fusion-flex-align-items-flex-start fusion-flex-content-wrap\" style=\"width:104% !important;max-width:104% !important;margin-left: calc(-4% \/ 2 );margin-right: calc(-4% \/ 2 );\"><div class=\"fusion-layout-column fusion_builder_column fusion-builder-column-14 fusion_builder_column_1_1 1_1 fusion-flex-column\" style=\"--awb-bg-size:cover;--awb-width-large:100%;--awb-flex-grow:0;--awb-flex-shrink:0;--awb-margin-top-large:0px;--awb-spacing-right-large:1.92%;--awb-margin-bottom-large:0px;--awb-spacing-left-large:1.92%;--awb-width-medium:100%;--awb-flex-grow-medium:0;--awb-flex-shrink-medium:0;--awb-spacing-right-medium:1.92%;--awb-spacing-left-medium:1.92%;--awb-width-small:100%;--awb-flex-grow-small:0;--awb-flex-shrink-small:0;--awb-spacing-right-small:1.92%;--awb-spacing-left-small:1.92%;\"><div class=\"fusion-column-wrapper fusion-flex-justify-content-flex-start fusion-content-layout-column\"><div class=\"fusion-text fusion-text-16\"><ol>\n<li>Commencez par \u00e9tablir un profil clair : quelles sont les comp\u00e9tences essentielles ? Quel est l&rsquo;\u00e9ventail des t\u00e2ches \u00e0 accomplir ? Avez-vous besoin d&rsquo;une personne avec ou sans exp\u00e9rience ? Sur cette base, r\u00e9digez une description de poste.   <\/li>\n<li>\u00c9tablissez le co\u00fbt du personnel et v\u00e9rifiez s&rsquo;il s&rsquo;inscrit dans le budget de votre organisation.<\/li>\n<li>N&rsquo;oubliez pas non plus les obligations l\u00e9gales. En tant qu&#8217;employeur, vous devez notamment \u00e9tablir un r\u00e8glement du travail, des contrats de travail et des fiches de paie mensuelles. <\/li>\n<\/ol>\n<p>En pr\u00e9parant correctement ces \u00e9l\u00e9ments, vous serez pr\u00eat \u00e0 accueillir un nouvel employ\u00e9 en douceur.<\/p>\n<\/div><\/div><\/div><\/div><\/div>\n<\/div><\/div><\/div><div class=\"fusion-panel fusion-toggle-no-divider panel-default fusion-faq-post fusion-faq-post-20088 embaucher-son-premier-salarie \"><span class=\"entry-title rich-snippet-hidden\">Dois-je r\u00e9diger un r\u00e8glement du travail \u00e0 partir d&rsquo;un seul employ\u00e9 ?<\/span><span class=\"updated rich-snippet-hidden\">2025-08-27T10:59:13+02:00<\/span><div class=\"panel-heading\"><h4 id=\"faq_1-20088\" class=\"panel-title toggle\"><a data-toggle=\"collapse\" class=\"collapsed\" data-parent=\"#accordian-1\" data-target=\"#collapse-1-20088\" href=\"#collapse-1-20088\" aria-expanded=\"false\"><div class=\"fusion-toggle-icon-wrapper\"><div class=\"fusion-toggle-icon-wrapper-main\"><div class=\"fusion-toggle-icon-wrapper-sub\"><i class=\"fa-fusion-box active-icon fa-chevron-up fas\" aria-hidden=\"true\"><\/i><i class=\"fa-fusion-box inactive-icon fa-chevron-down fas\" aria-hidden=\"true\"><\/i><\/div><\/div><\/div><div class=\"fusion-toggle-heading\">Dois-je r\u00e9diger un r\u00e8glement du travail \u00e0 partir d&rsquo;un seul employ\u00e9 ?<\/div><\/a><\/h4><\/div><div id=\"collapse-1-20088\" aria-labelledby=\"faq_1-20088\" class=\"panel-collapse collapse\"><div class=\"panel-body toggle-content post-content\"><div class=\"fusion-fullwidth fullwidth-box fusion-builder-row-7-2 fusion-flex-container nonhundred-percent-fullwidth non-hundred-percent-height-scrolling\" style=\"--awb-border-radius-top-left:0px;--awb-border-radius-top-right:0px;--awb-border-radius-bottom-right:0px;--awb-border-radius-bottom-left:0px;--awb-flex-wrap:wrap;\" ><div class=\"fusion-builder-row fusion-row fusion-flex-align-items-flex-start fusion-flex-content-wrap\" style=\"width:104% !important;max-width:104% !important;margin-left: calc(-4% \/ 2 );margin-right: calc(-4% \/ 2 );\"><div class=\"fusion-layout-column fusion_builder_column fusion-builder-column-15 fusion_builder_column_1_1 1_1 fusion-flex-column\" style=\"--awb-bg-size:cover;--awb-width-large:100%;--awb-flex-grow:0;--awb-flex-shrink:0;--awb-margin-top-large:0px;--awb-spacing-right-large:1.92%;--awb-margin-bottom-large:0px;--awb-spacing-left-large:1.92%;--awb-width-medium:100%;--awb-flex-grow-medium:0;--awb-flex-shrink-medium:0;--awb-spacing-right-medium:1.92%;--awb-spacing-left-medium:1.92%;--awb-width-small:100%;--awb-flex-grow-small:0;--awb-flex-shrink-small:0;--awb-spacing-right-small:1.92%;--awb-spacing-left-small:1.92%;\"><div class=\"fusion-column-wrapper fusion-flex-justify-content-flex-start fusion-content-layout-column\"><div class=\"fusion-text fusion-text-17\"><p>Oui, d\u00e8s l&#8217;embauche de votre premier salari\u00e9, vous \u00eates tenu d&rsquo;\u00e9tablir un r\u00e8glement du travail.<\/p>\n<\/div><\/div><\/div><\/div><\/div>\n<\/div><\/div><\/div><div class=\"fusion-panel fusion-toggle-no-divider panel-default fusion-faq-post fusion-faq-post-20068 embaucher-son-premier-salarie \"><span class=\"entry-title rich-snippet-hidden\">Dans quel d\u00e9lai puis-je faire travailler efficacement mon premier employ\u00e9 ?<\/span><span class=\"updated rich-snippet-hidden\">2025-08-27T10:59:10+02:00<\/span><div class=\"panel-heading\"><h4 id=\"faq_1-20068\" class=\"panel-title toggle\"><a data-toggle=\"collapse\" class=\"collapsed\" data-parent=\"#accordian-1\" data-target=\"#collapse-1-20068\" href=\"#collapse-1-20068\" aria-expanded=\"false\"><div class=\"fusion-toggle-icon-wrapper\"><div class=\"fusion-toggle-icon-wrapper-main\"><div class=\"fusion-toggle-icon-wrapper-sub\"><i class=\"fa-fusion-box active-icon fa-chevron-up fas\" aria-hidden=\"true\"><\/i><i class=\"fa-fusion-box inactive-icon fa-chevron-down fas\" aria-hidden=\"true\"><\/i><\/div><\/div><\/div><div class=\"fusion-toggle-heading\">Dans quel d\u00e9lai puis-je faire travailler efficacement mon premier employ\u00e9 ?<\/div><\/a><\/h4><\/div><div id=\"collapse-1-20068\" aria-labelledby=\"faq_1-20068\" class=\"panel-collapse collapse\"><div class=\"panel-body toggle-content post-content\"><div class=\"fusion-fullwidth fullwidth-box fusion-builder-row-7-3 fusion-flex-container nonhundred-percent-fullwidth non-hundred-percent-height-scrolling\" style=\"--awb-border-radius-top-left:0px;--awb-border-radius-top-right:0px;--awb-border-radius-bottom-right:0px;--awb-border-radius-bottom-left:0px;--awb-flex-wrap:wrap;\" ><div class=\"fusion-builder-row fusion-row fusion-flex-align-items-flex-start fusion-flex-content-wrap\" style=\"width:104% !important;max-width:104% !important;margin-left: calc(-4% \/ 2 );margin-right: calc(-4% \/ 2 );\"><div class=\"fusion-layout-column fusion_builder_column fusion-builder-column-16 fusion_builder_column_1_1 1_1 fusion-flex-column\" style=\"--awb-bg-size:cover;--awb-width-large:100%;--awb-flex-grow:0;--awb-flex-shrink:0;--awb-margin-top-large:0px;--awb-spacing-right-large:1.92%;--awb-margin-bottom-large:0px;--awb-spacing-left-large:1.92%;--awb-width-medium:100%;--awb-flex-grow-medium:0;--awb-flex-shrink-medium:0;--awb-spacing-right-medium:1.92%;--awb-spacing-left-medium:1.92%;--awb-width-small:100%;--awb-flex-grow-small:0;--awb-flex-shrink-small:0;--awb-spacing-right-small:1.92%;--awb-spacing-left-small:1.92%;\"><div class=\"fusion-column-wrapper fusion-flex-justify-content-flex-start fusion-content-layout-column\"><div class=\"fusion-text fusion-text-18\"><p>Le d\u00e9lai dans lequel votre premier employ\u00e9 peut commencer \u00e0 travailler d\u00e9pend de plusieurs facteurs.<\/p>\n<ul>\n<li>Tout d&rsquo;abord, toutes les formalit\u00e9s l\u00e9gales doivent \u00eatre accomplies.<\/li>\n<li>En outre, il se peut que vous deviez tenir compte du d\u00e9lai de pr\u00e9avis de votre nouvel employ\u00e9 avant qu&rsquo;un d\u00e9marrage effectif ne soit possible.<\/li>\n<\/ul>\n<\/div><\/div><\/div><\/div><\/div>\n<\/div><\/div><\/div><div class=\"fusion-panel fusion-toggle-no-divider panel-default fusion-faq-post fusion-faq-post-20049 embaucher-son-premier-salarie \"><span class=\"entry-title rich-snippet-hidden\">Quelle est la diff\u00e9rence entre un employ\u00e9, un ind\u00e9pendant, un \u00e9tudiant et un ouvrier ?<\/span><span class=\"updated rich-snippet-hidden\">2026-02-16T10:33:37+01:00<\/span><div class=\"panel-heading\"><h4 id=\"faq_1-20049\" class=\"panel-title toggle\"><a data-toggle=\"collapse\" class=\"collapsed\" data-parent=\"#accordian-1\" data-target=\"#collapse-1-20049\" href=\"#collapse-1-20049\" aria-expanded=\"false\"><div class=\"fusion-toggle-icon-wrapper\"><div class=\"fusion-toggle-icon-wrapper-main\"><div class=\"fusion-toggle-icon-wrapper-sub\"><i class=\"fa-fusion-box active-icon fa-chevron-up fas\" aria-hidden=\"true\"><\/i><i class=\"fa-fusion-box inactive-icon fa-chevron-down fas\" aria-hidden=\"true\"><\/i><\/div><\/div><\/div><div class=\"fusion-toggle-heading\">Quelle est la diff\u00e9rence entre un employ\u00e9, un ind\u00e9pendant, un \u00e9tudiant et un ouvrier ?<\/div><\/a><\/h4><\/div><div id=\"collapse-1-20049\" aria-labelledby=\"faq_1-20049\" class=\"panel-collapse collapse\"><div class=\"panel-body toggle-content post-content\"><div class=\"fusion-fullwidth fullwidth-box fusion-builder-row-7-4 fusion-flex-container nonhundred-percent-fullwidth non-hundred-percent-height-scrolling\" style=\"--awb-border-radius-top-left:0px;--awb-border-radius-top-right:0px;--awb-border-radius-bottom-right:0px;--awb-border-radius-bottom-left:0px;--awb-flex-wrap:wrap;\" ><div class=\"fusion-builder-row fusion-row fusion-flex-align-items-flex-start fusion-flex-content-wrap\" style=\"width:104% !important;max-width:104% !important;margin-left: calc(-4% \/ 2 );margin-right: calc(-4% \/ 2 );\"><div class=\"fusion-layout-column fusion_builder_column fusion-builder-column-17 fusion_builder_column_1_1 1_1 fusion-flex-column\" style=\"--awb-bg-size:cover;--awb-width-large:100%;--awb-flex-grow:0;--awb-flex-shrink:0;--awb-margin-top-large:0px;--awb-spacing-right-large:1.92%;--awb-margin-bottom-large:0px;--awb-spacing-left-large:1.92%;--awb-width-medium:100%;--awb-flex-grow-medium:0;--awb-flex-shrink-medium:0;--awb-spacing-right-medium:1.92%;--awb-spacing-left-medium:1.92%;--awb-width-small:100%;--awb-flex-grow-small:0;--awb-flex-shrink-small:0;--awb-spacing-right-small:1.92%;--awb-spacing-left-small:1.92%;\"><div class=\"fusion-column-wrapper fusion-flex-justify-content-flex-start fusion-content-layout-column\"><div class=\"fusion-text fusion-text-19\"><ul>\n<li>Un<strong> \u00e9tudiant jobist<\/strong>e est \u00e2g\u00e9 d&rsquo;au moins 15 ans et travaille sur la base d&rsquo;un contrat d&rsquo;\u00e9tudiant. Les \u00e9tudiants peuvent conclure un contrat d&rsquo;\u00e9tudiant \u00e0 partir de 15 ans. Il convient toutefois de faire la distinction entre les jeunes de 15 ans qui n&rsquo;ont pas encore satisfait \u00e0 leur obligation scolaire \u00e0 temps plein et ceux qui l&rsquo;ont d\u00e9j\u00e0 fait. Le premier groupe ne peut effectuer que des \u00ab travaux l\u00e9gers \u00bb et b\u00e9n\u00e9ficie d&rsquo;une protection particuli\u00e8re en mati\u00e8re de dur\u00e9e du travail.<br \/>\nUn \u00e9tudiant jobiste peut travailler <strong>au maximum 650 heures par ann\u00e9e civile et gagner jusqu&rsquo;\u00e0 15 585,74 EUR.<\/strong> Tant que ces limites ne sont pas d\u00e9pass\u00e9es, l&rsquo;\u00e9tudiant ne paie que peu ou pas d&rsquo;imp\u00f4ts ni de cotisations sociales.<\/li>\n<li>Un<strong> travailleur ind\u00e9pendant<\/strong> ne travaille pas en tant que salari\u00e9 et n\u2019a donc pas de contrat de travail. Il facture en tant que personne physique (ou par l\u2019interm\u00e9diaire d\u2019une soci\u00e9t\u00e9) et r\u00e8gle lui-m\u00eame les cotisations de s\u00e9curit\u00e9 sociale, les assurances et les imp\u00f4ts.<\/li>\n<li><strong>Les employ\u00e9s et les ouvriers<\/strong> ont tous deux un contrat de travail, mais la diff\u00e9rence r\u00e9side dans la nature du travail. Cette distinction a une incidence, entre autres, sur la r\u00e9mun\u00e9ration, les d\u00e9lais de pr\u00e9avis et le p\u00e9cule de vacances.\n<ul>\n<li>Un<strong> ouvrier<\/strong> effectue principalement des travaux manuels.<\/li>\n<li>L\u2019<strong>employ\u00e9<\/strong> de bureau effectue principalement un travail principal (travail administratif, travail intellectuel).<\/li>\n<\/ul>\n<\/li>\n<\/ul>\n<\/div><\/div><\/div><\/div><\/div>\n<\/div><\/div><\/div><div class=\"fusion-panel fusion-toggle-no-divider panel-default fusion-faq-post fusion-faq-post-20100 embaucher-son-premier-salarie \"><span class=\"entry-title rich-snippet-hidden\">Combien co\u00fbte le recrutement d&rsquo;un premier salari\u00e9 ?<\/span><span class=\"updated rich-snippet-hidden\">2025-08-27T10:59:24+02:00<\/span><div class=\"panel-heading\"><h4 id=\"faq_1-20100\" class=\"panel-title toggle\"><a data-toggle=\"collapse\" class=\"collapsed\" data-parent=\"#accordian-1\" data-target=\"#collapse-1-20100\" href=\"#collapse-1-20100\" aria-expanded=\"false\"><div class=\"fusion-toggle-icon-wrapper\"><div class=\"fusion-toggle-icon-wrapper-main\"><div class=\"fusion-toggle-icon-wrapper-sub\"><i class=\"fa-fusion-box active-icon fa-chevron-up fas\" aria-hidden=\"true\"><\/i><i class=\"fa-fusion-box inactive-icon fa-chevron-down fas\" aria-hidden=\"true\"><\/i><\/div><\/div><\/div><div class=\"fusion-toggle-heading\">Combien co\u00fbte le recrutement d&rsquo;un premier salari\u00e9 ?<\/div><\/a><\/h4><\/div><div id=\"collapse-1-20100\" aria-labelledby=\"faq_1-20100\" class=\"panel-collapse collapse\"><div class=\"panel-body toggle-content post-content\"><div class=\"fusion-fullwidth fullwidth-box fusion-builder-row-7-5 fusion-flex-container nonhundred-percent-fullwidth non-hundred-percent-height-scrolling\" style=\"--awb-border-radius-top-left:0px;--awb-border-radius-top-right:0px;--awb-border-radius-bottom-right:0px;--awb-border-radius-bottom-left:0px;--awb-flex-wrap:wrap;\" ><div class=\"fusion-builder-row fusion-row fusion-flex-align-items-flex-start fusion-flex-content-wrap\" style=\"width:104% !important;max-width:104% !important;margin-left: calc(-4% \/ 2 );margin-right: calc(-4% \/ 2 );\"><div class=\"fusion-layout-column fusion_builder_column fusion-builder-column-18 fusion_builder_column_1_1 1_1 fusion-flex-column\" style=\"--awb-bg-size:cover;--awb-width-large:100%;--awb-flex-grow:0;--awb-flex-shrink:0;--awb-margin-top-large:0px;--awb-spacing-right-large:1.92%;--awb-margin-bottom-large:0px;--awb-spacing-left-large:1.92%;--awb-width-medium:100%;--awb-flex-grow-medium:0;--awb-flex-shrink-medium:0;--awb-spacing-right-medium:1.92%;--awb-spacing-left-medium:1.92%;--awb-width-small:100%;--awb-flex-grow-small:0;--awb-flex-shrink-small:0;--awb-spacing-right-small:1.92%;--awb-spacing-left-small:1.92%;\"><div class=\"fusion-column-wrapper fusion-flex-justify-content-flex-start fusion-content-layout-column\"><div class=\"fusion-text fusion-text-20\"><p>Le co\u00fbt salarial total d\u00e9pend de plusieurs facteurs :<\/p>\n<ul>\n<li>Le salaire brut est le montant total du salaire convenu entre l&#8217;employeur et l&#8217;employ\u00e9 avant d\u00e9duction des imp\u00f4ts, des cotisations sociales, etc. Il doit au moins correspondre au salaire minimum l\u00e9gal, en fonction de l&rsquo;exp\u00e9rience, du poste et du secteur. <\/li>\n<li>Les cotisations de s\u00e9curit\u00e9 sociale sont calcul\u00e9es en pourcentage du salaire brut et financent des prestations sociales telles que les soins de sant\u00e9, les cong\u00e9s pay\u00e9s et les pensions.<\/li>\n<li>Les avantages extra-l\u00e9gaux, tels que les ch\u00e8ques-repas, les assurances hospitalisation et les assurances collectives, peuvent \u00eatre inclus dans le package salarial. Ces avantages sont attrayants pour les employ\u00e9s et souvent avantageux sur le plan fiscal. <\/li>\n<li>En outre, vous pouvez accorder certaines indemnit\u00e9s de frais pour compenser les co\u00fbts encourus par les employ\u00e9s dans le cadre de l&rsquo;ex\u00e9cution de leur contrat de travail. Il peut s&rsquo;agir d&rsquo;un montant forfaitaire ou d&rsquo;un montant calcul\u00e9 sur la base de pi\u00e8ces justificatives. <\/li>\n<li>Les co\u00fbts indirects tels que la formation, le mat\u00e9riel de travail et l&rsquo;assurance obligatoire peuvent avoir un impact sur les co\u00fbts de la main-d&rsquo;\u0153uvre.<\/li>\n<\/ul>\n<p>Nous d\u00e9terminons avec vous les co\u00fbts attendus. Nous v\u00e9rifions \u00e9galement si vous avez droit \u00e0 des mesures de soutien suppl\u00e9mentaires et \u00e0 des r\u00e9ductions.<\/p>\n<\/div><\/div><\/div><\/div><\/div>\n<\/div><\/div><\/div><div class=\"fusion-panel fusion-toggle-no-divider panel-default fusion-faq-post fusion-faq-post-20124 embaucher-son-premier-salarie \"><span class=\"entry-title rich-snippet-hidden\">Sur quelles mesures de soutien pouvez-vous compter pour recruter du personnel ?<\/span><span class=\"updated rich-snippet-hidden\">2025-09-12T16:59:16+02:00<\/span><div class=\"panel-heading\"><h4 id=\"faq_1-20124\" class=\"panel-title toggle\"><a data-toggle=\"collapse\" class=\"collapsed\" data-parent=\"#accordian-1\" data-target=\"#collapse-1-20124\" href=\"#collapse-1-20124\" aria-expanded=\"false\"><div class=\"fusion-toggle-icon-wrapper\"><div class=\"fusion-toggle-icon-wrapper-main\"><div class=\"fusion-toggle-icon-wrapper-sub\"><i class=\"fa-fusion-box active-icon fa-chevron-up fas\" aria-hidden=\"true\"><\/i><i class=\"fa-fusion-box inactive-icon fa-chevron-down fas\" aria-hidden=\"true\"><\/i><\/div><\/div><\/div><div class=\"fusion-toggle-heading\">Sur quelles mesures de soutien pouvez-vous compter pour recruter du personnel ?<\/div><\/a><\/h4><\/div><div id=\"collapse-1-20124\" aria-labelledby=\"faq_1-20124\" class=\"panel-collapse collapse\"><div class=\"panel-body toggle-content post-content\"><div class=\"fusion-fullwidth fullwidth-box fusion-builder-row-7-6 fusion-flex-container nonhundred-percent-fullwidth non-hundred-percent-height-scrolling\" style=\"--awb-border-radius-top-left:0px;--awb-border-radius-top-right:0px;--awb-border-radius-bottom-right:0px;--awb-border-radius-bottom-left:0px;--awb-flex-wrap:wrap;\" ><div class=\"fusion-builder-row fusion-row fusion-flex-align-items-flex-start fusion-flex-content-wrap\" style=\"width:104% !important;max-width:104% !important;margin-left: calc(-4% \/ 2 );margin-right: calc(-4% \/ 2 );\"><div class=\"fusion-layout-column fusion_builder_column fusion-builder-column-19 fusion_builder_column_1_1 1_1 fusion-flex-column\" style=\"--awb-bg-size:cover;--awb-width-large:100%;--awb-flex-grow:0;--awb-flex-shrink:0;--awb-margin-top-large:0px;--awb-spacing-right-large:1.92%;--awb-margin-bottom-large:0px;--awb-spacing-left-large:1.92%;--awb-width-medium:100%;--awb-flex-grow-medium:0;--awb-flex-shrink-medium:0;--awb-spacing-right-medium:1.92%;--awb-spacing-left-medium:1.92%;--awb-width-small:100%;--awb-flex-grow-small:0;--awb-flex-shrink-small:0;--awb-spacing-right-small:1.92%;--awb-spacing-left-small:1.92%;\"><div class=\"fusion-column-wrapper fusion-flex-justify-content-flex-start fusion-content-layout-column\"><div class=\"fusion-text fusion-text-21\"><p>Outre la r\u00e9duction accord\u00e9e par l\u2019ONSS pour un premier engagement, il existe de nombreuses mesures de soutien de la part du gouvernement flamand :<\/p>\n<ul>\n<li>r\u00e9duction pour l\u2019embauche de ch\u00f4meurs longue dur\u00e9e<\/li>\n<li>exon\u00e9rations de pr\u00e9compte professionnel<\/li>\n<li>r\u00e9ductions pour des groupes cibles sp\u00e9cifiques dans certains secteurs<\/li>\n<\/ul>\n<\/div><\/div><\/div><\/div><\/div>\n<\/div><\/div><\/div><\/div><\/div><\/div><\/div><\/div><\/div><\/div><\/div><div class=\"fusion-fullwidth fullwidth-box fusion-builder-row-8 fusion-flex-container has-pattern-background has-mask-background nonhundred-percent-fullwidth non-hundred-percent-height-scrolling bt-custom_radius-cta\" style=\"--awb-border-radius-top-left:0px;--awb-border-radius-top-right:0px;--awb-border-radius-bottom-right:0px;--awb-border-radius-bottom-left:0px;--awb-padding-top:90px;--awb-padding-bottom:90px;--awb-margin-top:0px;--awb-margin-bottom:30px;--awb-background-color:var(--awb-color1);--awb-flex-wrap:wrap;\" ><div class=\"fusion-builder-row fusion-row fusion-flex-align-items-stretch fusion-flex-content-wrap\" style=\"max-width:calc( 1400px + 0px );margin-left: calc(-0px \/ 2 );margin-right: calc(-0px \/ 2 );\"><div class=\"fusion-layout-column fusion_builder_column fusion-builder-column-20 fusion_builder_column_3_4 3_4 fusion-flex-column\" style=\"--awb-padding-top:75px;--awb-padding-right:0px;--awb-padding-bottom:75px;--awb-padding-left:120px;--awb-padding-right-medium:0px;--awb-padding-left-medium:60px;--awb-padding-top-small:30px;--awb-padding-right-small:15px;--awb-padding-bottom-small:30px;--awb-padding-left-small:15px;--awb-bg-color:var(--awb-color8);--awb-bg-color-hover:var(--awb-color8);--awb-bg-size:cover;--awb-width-large:75%;--awb-flex-grow:0;--awb-flex-shrink:0;--awb-margin-top-large:0px;--awb-spacing-right-large:0px;--awb-margin-bottom-large:0px;--awb-spacing-left-large:0px;--awb-width-medium:75%;--awb-order-medium:0;--awb-flex-grow-medium:0;--awb-flex-shrink-medium:0;--awb-spacing-right-medium:0px;--awb-spacing-left-medium:0px;--awb-width-small:100%;--awb-order-small:0;--awb-flex-grow-small:0;--awb-flex-shrink-small:0;--awb-spacing-right-small:0px;--awb-spacing-left-small:0px;\" data-scroll-devices=\"small-visibility,medium-visibility,large-visibility\"><div class=\"fusion-column-wrapper fusion-column-has-shadow fusion-flex-justify-content-flex-start fusion-content-layout-column\"><div class=\"fusion-title title fusion-title-17 fusion-sep-none fusion-title-text fusion-title-size-two\" style=\"--awb-text-color:var(--awb-color1);--awb-margin-top:0px;--awb-margin-right:0px;--awb-margin-left:0px;--awb-margin-top-small:0px;--awb-margin-right-small:0px;--awb-margin-bottom-small:15px;--awb-margin-left-small:0px;\"><h2 class=\"fusion-title-heading title-heading-left fusion-responsive-typography-calculated\" style=\"margin:0;text-transform:none;--fontSize:36;line-height:var(--awb-custom_typography_3-line-height);\">Faites d\u00e8s aujourd\u2019hui le premier pas vers la croissance.<\/h2><\/div><div class=\"fusion-text fusion-text-22 fusion-text-no-margin\" style=\"--awb-text-color:var(--awb-color1);--awb-margin-right:;--awb-margin-bottom:0px;\"><p>Nos experts financiers sont pr\u00eats \u00e0 accompagner votre entreprise dans un monde en mutation. Nous proposons des solutions efficaces, aujourd\u2019hui et demain.<\/p>\n<\/div><\/div><\/div><div class=\"fusion-layout-column fusion_builder_column fusion-builder-column-21 fusion_builder_column_1_4 1_4 fusion-flex-column\" style=\"--awb-padding-top:75px;--awb-padding-right:120px;--awb-padding-bottom:75px;--awb-padding-left:15px;--awb-padding-right-medium:60px;--awb-padding-left-medium:15px;--awb-padding-top-small:0px;--awb-padding-right-small:15px;--awb-padding-bottom-small:30px;--awb-padding-left-small:15px;--awb-bg-color:var(--awb-color8);--awb-bg-color-hover:var(--awb-color8);--awb-bg-size:cover;--awb-width-large:25%;--awb-flex-grow:0;--awb-flex-shrink:0;--awb-margin-top-large:0px;--awb-spacing-right-large:0px;--awb-margin-bottom-large:0px;--awb-spacing-left-large:0px;--awb-width-medium:25%;--awb-order-medium:0;--awb-flex-grow-medium:0;--awb-flex-shrink-medium:0;--awb-spacing-right-medium:0px;--awb-spacing-left-medium:0px;--awb-width-small:100%;--awb-order-small:0;--awb-flex-grow-small:0;--awb-flex-shrink-small:0;--awb-spacing-right-small:0px;--awb-spacing-left-small:0px;\" data-scroll-devices=\"small-visibility,medium-visibility,large-visibility\"><div class=\"fusion-column-wrapper fusion-column-has-shadow fusion-flex-justify-content-center fusion-content-layout-column\"><div ><a class=\"fusion-button button-flat fusion-button-default-size button-custom fusion-button-default button-2 fusion-button-default-span fusion-button-default-type green_white-btn\" style=\"--button_accent_color:var(--awb-color8);--button_border_color:var(--awb-custom_color_8);--button_accent_hover_color:var(--awb-color8);--button_border_hover_color:var(--awb-color1);--button_gradient_top_color:var(--awb-custom_color_8);--button_gradient_bottom_color:var(--awb-custom_color_8);--button_gradient_top_color_hover:var(--awb-color1);--button_gradient_bottom_color_hover:var(--awb-color1);\" target=\"_self\" href=\"https:\/\/bakertilly.be\/fr\/contact\/\"><span class=\"fusion-button-text awb-button__text awb-button__text--default\">Prendre contact<\/span><\/a><\/div><\/div><\/div><\/div><\/div>\n<div class=\"fusion-fullwidth fullwidth-box fusion-builder-row-9 fusion-flex-container has-pattern-background has-mask-background nonhundred-percent-fullwidth non-hundred-percent-height-scrolling\" style=\"--awb-border-radius-top-left:0px;--awb-border-radius-top-right:0px;--awb-border-radius-bottom-right:0px;--awb-border-radius-bottom-left:0px;--awb-padding-top:0px;--awb-padding-top-small:0px;--awb-flex-wrap:wrap;\" ><div class=\"fusion-builder-row fusion-row fusion-flex-align-items-stretch fusion-flex-content-wrap\" style=\"max-width:calc( 1400px + 45px );margin-left: calc(-45px \/ 2 );margin-right: calc(-45px \/ 2 );\"><div class=\"fusion-layout-column fusion_builder_column fusion-builder-column-22 fusion_builder_column_1_1 1_1 fusion-flex-column\" style=\"--awb-bg-size:cover;--awb-width-large:100%;--awb-flex-grow:0;--awb-flex-shrink:0;--awb-margin-top-large:0px;--awb-spacing-right-large:22.5px;--awb-margin-bottom-large:45px;--awb-spacing-left-large:22.5px;--awb-width-medium:100%;--awb-order-medium:0;--awb-flex-grow-medium:0;--awb-flex-shrink-medium:0;--awb-spacing-right-medium:22.5px;--awb-spacing-left-medium:22.5px;--awb-width-small:100%;--awb-order-small:0;--awb-flex-grow-small:0;--awb-flex-shrink-small:0;--awb-spacing-right-small:22.5px;--awb-margin-bottom-small:30px;--awb-spacing-left-small:22.5px;\" data-scroll-devices=\"small-visibility,medium-visibility,large-visibility\"><div class=\"fusion-column-wrapper fusion-column-has-shadow fusion-flex-justify-content-flex-start fusion-content-layout-column\"><div class=\"fusion-title title fusion-title-18 fusion-sep-none fusion-title-text fusion-title-size-two\" style=\"--awb-margin-top:0px;--awb-margin-right:0px;--awb-margin-bottom:0px;--awb-margin-left:0px;--awb-margin-top-small:0px;--awb-margin-right-small:0px;--awb-margin-bottom-small:0px;--awb-margin-left-small:0px;\"><h2 class=\"fusion-title-heading title-heading-left fusion-responsive-typography-calculated\" style=\"margin:0;text-transform:none;--fontSize:36;line-height:var(--awb-custom_typography_3-line-height);\">Articles connexes<\/h2><\/div><\/div><\/div><\/div><\/div><div class=\"fusion-fullwidth fullwidth-box fusion-builder-row-10 fusion-flex-container has-pattern-background has-mask-background hundred-percent-fullwidth non-hundred-percent-height-scrolling bt-container-custom_slider\" style=\"--awb-border-radius-top-left:0px;--awb-border-radius-top-right:0px;--awb-border-radius-bottom-right:0px;--awb-border-radius-bottom-left:0px;--awb-padding-top:0px;--awb-padding-right:0px;--awb-padding-bottom:0px;--awb-padding-left:0px;--awb-padding-top-small:0px;--awb-padding-bottom-small:0px;--awb-flex-wrap:wrap;\" ><div class=\"fusion-builder-row fusion-row fusion-flex-align-items-flex-start fusion-flex-justify-content-center fusion-flex-content-wrap\" style=\"width:104% !important;max-width:104% !important;margin-left: calc(-4% \/ 2 );margin-right: calc(-4% \/ 2 );\"><div class=\"fusion-layout-column fusion_builder_column fusion-builder-column-23 fusion_builder_column_1_1 1_1 fusion-flex-column bt-custom_slider\" style=\"--awb-bg-size:cover;--awb-width-large:100%;--awb-flex-grow:0;--awb-flex-shrink:0;--awb-margin-top-large:0px;--awb-spacing-right-large:1.92%;--awb-margin-bottom-large:0px;--awb-spacing-left-large:1.92%;--awb-width-medium:100%;--awb-order-medium:0;--awb-flex-grow-medium:0;--awb-flex-shrink-medium:0;--awb-spacing-right-medium:1.92%;--awb-spacing-left-medium:1.92%;--awb-width-small:100%;--awb-order-small:0;--awb-flex-grow-small:0;--awb-flex-shrink-small:0;--awb-spacing-right-small:1.92%;--awb-spacing-left-small:1.92%;\" data-scroll-devices=\"small-visibility,medium-visibility,large-visibility\"><div class=\"fusion-column-wrapper fusion-column-has-shadow fusion-flex-justify-content-flex-start fusion-content-layout-column\"><div class=\"fusion-post-cards fusion-post-cards-1 awb-carousel awb-swiper awb-swiper-carousel awb-swiper-dots-position-bottom\" style=\"--awb-dots-color:hsla(var(--awb-color8-h),var(--awb-color8-s),var(--awb-color8-l),calc(var(--awb-color8-a) - 100%));--awb-dots-size:10px;--awb-dots-active-size:10px;--awb-column-spacing:60px;--awb-dots-align:center;--awb-columns:3;--awb-active-filter-border-size:3px;--awb-filters-height:36px;\" data-post-type-label=\"articles\" data-autoplay=\"no\" data-autoplayspeed=\"7000\" data-autoplaypause=\"no\" data-loop=\"no\" data-columns=\"3\" data-columnsmedium=\"2\" data-columnssmall=\"1\" data-itemmargin=\"60\" data-itemwidth=\"180\" data-touchscroll=\"no\" data-freemode=\"no\" data-imagesize=\"auto\" data-scrollitems=\"1\" data-mousepointer=\"default\" data-layout=\"carousel\" data-centeredslides=\"no\" data-shadow=\"no\" data-speed=\"500\" data-rotationangle=\"50\" data-depth=\"100\"><div class=\"swiper-wrapper fusion-flex-align-items-stretch\"><div class=\"fusion_builder_column fusion-builder-column-24 fusion-flex-column fusion-column-inner-bg-wrapper tb-pc-artikel post-card swiper-slide\" style=\"--awb-padding-bottom:30px;--awb-inner-bg-blend:overlay;--awb-inner-bg-size:cover;--awb-flex-grow:0;--awb-flex-shrink:0;--awb-flex-grow-medium:0;--awb-flex-shrink-medium:0;--awb-flex-grow-small:0;--awb-flex-shrink-small:0;\" data-scroll-devices=\"small-visibility,medium-visibility,large-visibility\"><span class=\"fusion-column-inner-bg hover-type-none\"><a class=\"fusion-column-anchor\" href=\"https:\/\/bakertilly.be\/fr\/news\/apercu-des-charges-deductibles-2027\/\"><span class=\"fusion-column-inner-bg-image\"><\/span><\/a><\/span><div class=\"fusion-column-wrapper fusion-column-has-shadow fusion-flex-justify-content-flex-start fusion-content-layout-column fusion-carousel-item-wrapper\"><div class=\"fusion-image-element \" style=\"--awb-aspect-ratio:3 \/ 2;--awb-caption-title-font-family:var(--h2_typography-font-family);--awb-caption-title-font-weight:var(--h2_typography-font-weight);--awb-caption-title-font-style:var(--h2_typography-font-style);--awb-caption-title-size:var(--h2_typography-font-size);--awb-caption-title-transform:var(--h2_typography-text-transform);--awb-caption-title-line-height:var(--h2_typography-line-height);--awb-caption-title-letter-spacing:var(--h2_typography-letter-spacing);\"><span class=\" fusion-imageframe imageframe-none imageframe-1 hover-type-zoomin has-aspect-ratio\" style=\"border-radius:4px 4px 0 0;\"><img decoding=\"async\" width=\"1900\" height=\"1000\" title=\"Overzicht aftrekbaarheid kosten AJ 2027\" src=\"https:\/\/bakertilly.be\/wp-content\/uploads\/2026\/04\/Overzicht-aftrekbaarheid-kosten-AJ-2027.webp\" class=\"img-responsive wp-image-28397 img-with-aspect-ratio\" data-parent-fit=\"cover\" data-parent-container=\".fusion-image-element\" alt srcset=\"https:\/\/bakertilly.be\/wp-content\/uploads\/2026\/04\/Overzicht-aftrekbaarheid-kosten-AJ-2027-200x105.webp 200w, https:\/\/bakertilly.be\/wp-content\/uploads\/2026\/04\/Overzicht-aftrekbaarheid-kosten-AJ-2027-400x211.webp 400w, https:\/\/bakertilly.be\/wp-content\/uploads\/2026\/04\/Overzicht-aftrekbaarheid-kosten-AJ-2027-600x316.webp 600w, https:\/\/bakertilly.be\/wp-content\/uploads\/2026\/04\/Overzicht-aftrekbaarheid-kosten-AJ-2027-800x421.webp 800w, https:\/\/bakertilly.be\/wp-content\/uploads\/2026\/04\/Overzicht-aftrekbaarheid-kosten-AJ-2027-1200x632.webp 1200w, https:\/\/bakertilly.be\/wp-content\/uploads\/2026\/04\/Overzicht-aftrekbaarheid-kosten-AJ-2027.webp 1900w\" sizes=\"(max-width: 800px) 100vw, 1900px\" \/><\/span><\/div><div class=\"fusion-builder-row fusion-builder-row-inner fusion-row fusion-flex-align-items-flex-start fusion-flex-justify-content-center fusion-flex-content-wrap\" style=\"--awb-flex-grow:0;--awb-flex-grow-medium:0;--awb-flex-grow-small:0;--awb-flex-shrink:0;--awb-flex-shrink-medium:0;--awb-flex-shrink-small:0;width:104% !important;max-width:104% !important;margin-left: calc(-4% \/ 2 );margin-right: calc(-4% \/ 2 );\"><div class=\"fusion-layout-column fusion_builder_column_inner fusion-builder-nested-column-7 fusion_builder_column_inner_1_1 1_1 fusion-flex-column\" style=\"--awb-padding-top:10px;--awb-padding-bottom:10px;--awb-bg-size:cover;--awb-border-color:hsla(var(--awb-color8-h),var(--awb-color8-s),var(--awb-color8-l),calc(var(--awb-color8-a) - 85%));--awb-border-bottom:1px;--awb-border-style:solid;--awb-width-large:100%;--awb-margin-top-large:0px;--awb-spacing-right-large:1.92%;--awb-margin-bottom-large:0px;--awb-spacing-left-large:1.92%;--awb-width-medium:100%;--awb-order-medium:0;--awb-spacing-right-medium:1.92%;--awb-spacing-left-medium:1.92%;--awb-width-small:100%;--awb-order-small:0;--awb-spacing-right-small:1.92%;--awb-spacing-left-small:1.92%;\" data-scroll-devices=\"small-visibility,medium-visibility,large-visibility\"><div class=\"fusion-column-wrapper fusion-column-has-shadow fusion-flex-justify-content-flex-start fusion-content-layout-row fusion-flex-align-items-center\"><div class=\"fusion-text fusion-text-23 fusion-text-no-margin\" style=\"--awb-font-size:11px;--awb-line-height:var(--awb-custom_typography_8-line-height);--awb-letter-spacing:var(--awb-custom_typography_8-letter-spacing);--awb-text-transform:var(--awb-custom_typography_8-text-transform);--awb-text-color:hsla(var(--awb-color8-h),var(--awb-color8-s),var(--awb-color8-l),calc(var(--awb-color8-a) - 50%));--awb-user-select:none;--awb-margin-top:0px;--awb-margin-right:0px;--awb-margin-bottom:0px;--awb-margin-left:0px;--awb-text-font-family:var(--awb-custom_typography_8-font-family);--awb-text-font-weight:var(--awb-custom_typography_8-font-weight);--awb-text-font-style:var(--awb-custom_typography_8-font-style);\"><p>24\/04\/2026<\/p>\n<\/div><div class=\"fusion-text fusion-text-24 fusion-text-no-margin\" style=\"--awb-font-size:11px;--awb-line-height:var(--awb-custom_typography_8-line-height);--awb-letter-spacing:var(--awb-custom_typography_8-letter-spacing);--awb-text-transform:var(--awb-custom_typography_8-text-transform);--awb-text-color:hsla(var(--awb-color8-h),var(--awb-color8-s),var(--awb-color8-l),calc(var(--awb-color8-a) - 50%));--awb-user-select:none;--awb-margin-top:0px;--awb-margin-right:0px;--awb-margin-bottom:0px;--awb-margin-left:0px;--awb-text-font-family:var(--awb-custom_typography_8-font-family);--awb-text-font-weight:var(--awb-custom_typography_8-font-weight);--awb-text-font-style:var(--awb-custom_typography_8-font-style);\"><p>|<\/p>\n<\/div><div class=\"fusion-text fusion-text-25 fusion-text-no-margin tb-pc-artikel-termen\" style=\"--awb-font-size:11px;--awb-line-height:var(--awb-custom_typography_8-line-height);--awb-letter-spacing:var(--awb-custom_typography_8-letter-spacing);--awb-text-transform:uppercase;--awb-text-color:hsla(var(--awb-color8-h),var(--awb-color8-s),var(--awb-color8-l),calc(var(--awb-color8-a) - 50%));--awb-user-select:none;--awb-margin-top:0px;--awb-margin-right:0px;--awb-margin-bottom:0px;--awb-margin-left:0px;--awb-text-font-family:var(--awb-custom_typography_8-font-family);--awb-text-font-weight:var(--awb-custom_typography_8-font-weight);--awb-text-font-style:var(--awb-custom_typography_8-font-style);\"><p><a href=\"https:\/\/bakertilly.be\/fr\/news\/category\/tax-fr\/conseils-tva-et-impots-indirects\/\" title=\"Conseils en mati\u00e8re de TVA et de fiscalit\u00e9 indirecte\">Conseils en mati\u00e8re de TVA et de fiscalit\u00e9 indirecte<\/a><a href=\"https:\/\/bakertilly.be\/fr\/news\/category\/tax-fr\/\" title=\"Imp\u00f4ts\">Imp\u00f4ts<\/a><\/p>\n<\/div><\/div><\/div><\/div><div class=\"fusion-separator fusion-full-width-sep\" style=\"align-self: center;margin-left: auto;margin-right: auto;margin-top:25px;margin-bottom:0px;width:100%;max-width:100%;\"><\/div><div class=\"fusion-title title fusion-title-19 fusion-sep-none fusion-title-text fusion-title-size-four\" style=\"--awb-margin-top:0px;--awb-margin-right:0px;--awb-margin-bottom:10px;--awb-margin-left:0px;--awb-margin-top-small:0px;--awb-margin-right-small:0px;--awb-margin-bottom-small:10px;--awb-margin-left-small:0px;\"><h4 class=\"fusion-title-heading title-heading-left fusion-responsive-typography-calculated\" style=\"margin:0;text-transform:none;--fontSize:18;--minFontSize:18;line-height:var(--awb-custom_typography_5-line-height);\">Aper\u00e7u de la d\u00e9ductibilit\u00e9 des co\u00fbts pour l\u2019exercice d\u2019imposition 2027<\/h4><\/div><div class=\"fusion-text fusion-text-26 fusion-text-no-margin tb-pc-artikel-samenvatting\" style=\"--awb-content-alignment:left;--awb-font-size:var(--awb-typography3-font-size);--awb-line-height:var(--awb-typography3-line-height);--awb-letter-spacing:var(--awb-typography3-letter-spacing);--awb-text-transform:var(--awb-typography3-text-transform);--awb-margin-bottom:10px;--awb-text-font-family:var(--awb-typography3-font-family);--awb-text-font-weight:var(--awb-typography3-font-weight);--awb-text-font-style:var(--awb-typography3-font-style);\"><p>Vous trouverez ci-dessous un aper\u00e7u utile des d\u00e9penses courantes soumises \u00e0 une limitation de d\u00e9duction fiscale en termes d'imp\u00f4t sur le revenu des soci\u00e9t\u00e9s ou de TVA pour l'exercice comptable 2026 (ann\u00e9e d'imposition 2027).  <\/p>\n<\/div><div style=\"text-align:left;\"><a class=\"fusion-button button-flat fusion-button-default-size button-custom fusion-button-default button-3 fusion-button-default-span fusion-button-default-type custom-btn\" style=\"--button_accent_color:var(--awb-color8);--button_border_color:var(--awb-color4);--button_accent_hover_color:var(--awb-color8);--button_border_hover_color:hsla(var(--awb-color4-h),var(--awb-color4-s),var(--awb-color4-l),calc(var(--awb-color4-a) - 25%));--button_border_width-top:0;--button_border_width-right:0;--button_border_width-bottom:1px;--button_border_width-left:0;--button-border-radius-top-left:0;--button-border-radius-top-right:0;--button-border-radius-bottom-right:0;--button-border-radius-bottom-left:0;--button_gradient_top_color:hsla(var(--awb-color6-h),var(--awb-color6-s),var(--awb-color6-l),calc(var(--awb-color6-a) - 100%));--button_gradient_bottom_color:hsla(var(--awb-color6-h),var(--awb-color6-s),var(--awb-color6-l),calc(var(--awb-color6-a) - 100%));--button_gradient_top_color_hover:hsla(var(--awb-color4-h),var(--awb-color4-s),var(--awb-color4-l),calc(var(--awb-color4-a) - 100%));--button_gradient_bottom_color_hover:hsla(var(--awb-color4-h),var(--awb-color4-s),var(--awb-color4-l),calc(var(--awb-color4-a) - 100%));--button_text_transform:var(--awb-typography4-text-transform);--button_font_size:var(--awb-typography4-font-size);--button_line_height:var(--awb-typography4-line-height);--button_padding-top:0px;--button_padding-right:0px;--button_padding-bottom:4px;--button_padding-left:0px;--button_typography-letter-spacing:var(--awb-typography4-letter-spacing);--button_typography-font-family:var(--awb-typography4-font-family);--button_typography-font-weight:var(--awb-typography4-font-weight);--button_typography-font-style:var(--awb-typography4-font-style);\" target=\"_self\" title=\"En savoir plus\" aria-label=\"En savoir plus\"><span class=\"fusion-button-text awb-button__text awb-button__text--default\">En savoir plus<\/span><\/a><\/div><\/div><\/div>\n<div class=\"fusion_builder_column fusion-builder-column-25 fusion-flex-column fusion-column-inner-bg-wrapper tb-pc-artikel post-card swiper-slide\" style=\"--awb-padding-bottom:30px;--awb-inner-bg-blend:overlay;--awb-inner-bg-size:cover;--awb-flex-grow:0;--awb-flex-shrink:0;--awb-flex-grow-medium:0;--awb-flex-shrink-medium:0;--awb-flex-grow-small:0;--awb-flex-shrink-small:0;\" data-scroll-devices=\"small-visibility,medium-visibility,large-visibility\"><span class=\"fusion-column-inner-bg hover-type-none\"><a class=\"fusion-column-anchor\" href=\"https:\/\/bakertilly.be\/fr\/news\/quel-est-limpact-de-limpot-sur-les-plus-values-sur-votre-entreprise\/\"><span class=\"fusion-column-inner-bg-image\"><\/span><\/a><\/span><div class=\"fusion-column-wrapper fusion-column-has-shadow fusion-flex-justify-content-flex-start fusion-content-layout-column fusion-carousel-item-wrapper\"><div class=\"fusion-image-element \" style=\"--awb-aspect-ratio:3 \/ 2;--awb-caption-title-font-family:var(--h2_typography-font-family);--awb-caption-title-font-weight:var(--h2_typography-font-weight);--awb-caption-title-font-style:var(--h2_typography-font-style);--awb-caption-title-size:var(--h2_typography-font-size);--awb-caption-title-transform:var(--h2_typography-text-transform);--awb-caption-title-line-height:var(--h2_typography-line-height);--awb-caption-title-letter-spacing:var(--h2_typography-letter-spacing);\"><span class=\" fusion-imageframe imageframe-none imageframe-2 hover-type-zoomin has-aspect-ratio\" style=\"border-radius:4px 4px 0 0;\"><img decoding=\"async\" width=\"1900\" height=\"1000\" title=\"L&rsquo;impact de l&rsquo;imp\u00f4t sur les plus-values sur votre entreprise\" src=\"https:\/\/bakertilly.be\/wp-content\/uploads\/2026\/04\/De-impact-van-de-meerwaardebelasting-op-uw-vennootschap.webp\" class=\"img-responsive wp-image-28230 img-with-aspect-ratio\" data-parent-fit=\"cover\" data-parent-container=\".fusion-image-element\" alt srcset=\"https:\/\/bakertilly.be\/wp-content\/uploads\/2026\/04\/De-impact-van-de-meerwaardebelasting-op-uw-vennootschap-200x105.webp 200w, https:\/\/bakertilly.be\/wp-content\/uploads\/2026\/04\/De-impact-van-de-meerwaardebelasting-op-uw-vennootschap-400x211.webp 400w, https:\/\/bakertilly.be\/wp-content\/uploads\/2026\/04\/De-impact-van-de-meerwaardebelasting-op-uw-vennootschap-600x316.webp 600w, https:\/\/bakertilly.be\/wp-content\/uploads\/2026\/04\/De-impact-van-de-meerwaardebelasting-op-uw-vennootschap-800x421.webp 800w, https:\/\/bakertilly.be\/wp-content\/uploads\/2026\/04\/De-impact-van-de-meerwaardebelasting-op-uw-vennootschap-1200x632.webp 1200w, https:\/\/bakertilly.be\/wp-content\/uploads\/2026\/04\/De-impact-van-de-meerwaardebelasting-op-uw-vennootschap.webp 1900w\" sizes=\"(max-width: 800px) 100vw, 1900px\" \/><\/span><\/div><div class=\"fusion-builder-row fusion-builder-row-inner fusion-row fusion-flex-align-items-flex-start fusion-flex-justify-content-center fusion-flex-content-wrap\" style=\"--awb-flex-grow:0;--awb-flex-grow-medium:0;--awb-flex-grow-small:0;--awb-flex-shrink:0;--awb-flex-shrink-medium:0;--awb-flex-shrink-small:0;width:104% !important;max-width:104% !important;margin-left: calc(-4% \/ 2 );margin-right: calc(-4% \/ 2 );\"><div class=\"fusion-layout-column fusion_builder_column_inner fusion-builder-nested-column-8 fusion_builder_column_inner_1_1 1_1 fusion-flex-column\" style=\"--awb-padding-top:10px;--awb-padding-bottom:10px;--awb-bg-size:cover;--awb-border-color:hsla(var(--awb-color8-h),var(--awb-color8-s),var(--awb-color8-l),calc(var(--awb-color8-a) - 85%));--awb-border-bottom:1px;--awb-border-style:solid;--awb-width-large:100%;--awb-margin-top-large:0px;--awb-spacing-right-large:1.92%;--awb-margin-bottom-large:0px;--awb-spacing-left-large:1.92%;--awb-width-medium:100%;--awb-order-medium:0;--awb-spacing-right-medium:1.92%;--awb-spacing-left-medium:1.92%;--awb-width-small:100%;--awb-order-small:0;--awb-spacing-right-small:1.92%;--awb-spacing-left-small:1.92%;\" data-scroll-devices=\"small-visibility,medium-visibility,large-visibility\"><div class=\"fusion-column-wrapper fusion-column-has-shadow fusion-flex-justify-content-flex-start fusion-content-layout-row fusion-flex-align-items-center\"><div class=\"fusion-text fusion-text-27 fusion-text-no-margin\" style=\"--awb-font-size:11px;--awb-line-height:var(--awb-custom_typography_8-line-height);--awb-letter-spacing:var(--awb-custom_typography_8-letter-spacing);--awb-text-transform:var(--awb-custom_typography_8-text-transform);--awb-text-color:hsla(var(--awb-color8-h),var(--awb-color8-s),var(--awb-color8-l),calc(var(--awb-color8-a) - 50%));--awb-user-select:none;--awb-margin-top:0px;--awb-margin-right:0px;--awb-margin-bottom:0px;--awb-margin-left:0px;--awb-text-font-family:var(--awb-custom_typography_8-font-family);--awb-text-font-weight:var(--awb-custom_typography_8-font-weight);--awb-text-font-style:var(--awb-custom_typography_8-font-style);\"><p>15\/04\/2026<\/p>\n<\/div><div class=\"fusion-text fusion-text-28 fusion-text-no-margin\" style=\"--awb-font-size:11px;--awb-line-height:var(--awb-custom_typography_8-line-height);--awb-letter-spacing:var(--awb-custom_typography_8-letter-spacing);--awb-text-transform:var(--awb-custom_typography_8-text-transform);--awb-text-color:hsla(var(--awb-color8-h),var(--awb-color8-s),var(--awb-color8-l),calc(var(--awb-color8-a) - 50%));--awb-user-select:none;--awb-margin-top:0px;--awb-margin-right:0px;--awb-margin-bottom:0px;--awb-margin-left:0px;--awb-text-font-family:var(--awb-custom_typography_8-font-family);--awb-text-font-weight:var(--awb-custom_typography_8-font-weight);--awb-text-font-style:var(--awb-custom_typography_8-font-style);\"><p>|<\/p>\n<\/div><div class=\"fusion-text fusion-text-29 fusion-text-no-margin tb-pc-artikel-termen\" style=\"--awb-font-size:11px;--awb-line-height:var(--awb-custom_typography_8-line-height);--awb-letter-spacing:var(--awb-custom_typography_8-letter-spacing);--awb-text-transform:uppercase;--awb-text-color:hsla(var(--awb-color8-h),var(--awb-color8-s),var(--awb-color8-l),calc(var(--awb-color8-a) - 50%));--awb-user-select:none;--awb-margin-top:0px;--awb-margin-right:0px;--awb-margin-bottom:0px;--awb-margin-left:0px;--awb-text-font-family:var(--awb-custom_typography_8-font-family);--awb-text-font-weight:var(--awb-custom_typography_8-font-weight);--awb-text-font-style:var(--awb-custom_typography_8-font-style);\"><p><a href=\"https:\/\/bakertilly.be\/fr\/news\/category\/corporate-finance-fr\/\" title=\"Finance d&#039;entreprise\">Finance d&#039;entreprise<\/a><a href=\"https:\/\/bakertilly.be\/fr\/news\/category\/tax-fr\/\" title=\"Imp\u00f4ts\">Imp\u00f4ts<\/a><\/p>\n<\/div><\/div><\/div><\/div><div class=\"fusion-separator fusion-full-width-sep\" style=\"align-self: center;margin-left: auto;margin-right: auto;margin-top:25px;margin-bottom:0px;width:100%;max-width:100%;\"><\/div><div class=\"fusion-title title fusion-title-20 fusion-sep-none fusion-title-text fusion-title-size-four\" style=\"--awb-margin-top:0px;--awb-margin-right:0px;--awb-margin-bottom:10px;--awb-margin-left:0px;--awb-margin-top-small:0px;--awb-margin-right-small:0px;--awb-margin-bottom-small:10px;--awb-margin-left-small:0px;\"><h4 class=\"fusion-title-heading title-heading-left fusion-responsive-typography-calculated\" style=\"margin:0;text-transform:none;--fontSize:18;--minFontSize:18;line-height:var(--awb-custom_typography_5-line-height);\">Quel est l\u2019impact de l\u2019imp\u00f4t sur les plus-values sur votre entreprise\u202f?<\/h4><\/div><div class=\"fusion-text fusion-text-30 fusion-text-no-margin tb-pc-artikel-samenvatting\" style=\"--awb-content-alignment:left;--awb-font-size:var(--awb-typography3-font-size);--awb-line-height:var(--awb-typography3-line-height);--awb-letter-spacing:var(--awb-typography3-letter-spacing);--awb-text-transform:var(--awb-typography3-text-transform);--awb-margin-bottom:10px;--awb-text-font-family:var(--awb-typography3-font-family);--awb-text-font-weight:var(--awb-typography3-font-weight);--awb-text-font-style:var(--awb-typography3-font-style);\"><p>Le 3 avril, le Parlement f\u00e9d\u00e9ral a approuv\u00e9 la loi introduisant une taxe sur les plus-values des actifs financiers. L'imp\u00f4t sur les plus-values aura un impact lorsque vous vendrez votre entreprise. Comment les plus-values seront-elles d\u00e9termin\u00e9es ?  <\/p>\n<\/div><div style=\"text-align:left;\"><a class=\"fusion-button button-flat fusion-button-default-size button-custom fusion-button-default button-4 fusion-button-default-span fusion-button-default-type custom-btn\" style=\"--button_accent_color:var(--awb-color8);--button_border_color:var(--awb-color4);--button_accent_hover_color:var(--awb-color8);--button_border_hover_color:hsla(var(--awb-color4-h),var(--awb-color4-s),var(--awb-color4-l),calc(var(--awb-color4-a) - 25%));--button_border_width-top:0;--button_border_width-right:0;--button_border_width-bottom:1px;--button_border_width-left:0;--button-border-radius-top-left:0;--button-border-radius-top-right:0;--button-border-radius-bottom-right:0;--button-border-radius-bottom-left:0;--button_gradient_top_color:hsla(var(--awb-color6-h),var(--awb-color6-s),var(--awb-color6-l),calc(var(--awb-color6-a) - 100%));--button_gradient_bottom_color:hsla(var(--awb-color6-h),var(--awb-color6-s),var(--awb-color6-l),calc(var(--awb-color6-a) - 100%));--button_gradient_top_color_hover:hsla(var(--awb-color4-h),var(--awb-color4-s),var(--awb-color4-l),calc(var(--awb-color4-a) - 100%));--button_gradient_bottom_color_hover:hsla(var(--awb-color4-h),var(--awb-color4-s),var(--awb-color4-l),calc(var(--awb-color4-a) - 100%));--button_text_transform:var(--awb-typography4-text-transform);--button_font_size:var(--awb-typography4-font-size);--button_line_height:var(--awb-typography4-line-height);--button_padding-top:0px;--button_padding-right:0px;--button_padding-bottom:4px;--button_padding-left:0px;--button_typography-letter-spacing:var(--awb-typography4-letter-spacing);--button_typography-font-family:var(--awb-typography4-font-family);--button_typography-font-weight:var(--awb-typography4-font-weight);--button_typography-font-style:var(--awb-typography4-font-style);\" target=\"_self\" title=\"En savoir plus\" aria-label=\"En savoir plus\"><span class=\"fusion-button-text awb-button__text awb-button__text--default\">En savoir plus<\/span><\/a><\/div><\/div><\/div>\n<div class=\"fusion_builder_column fusion-builder-column-26 fusion-flex-column fusion-column-inner-bg-wrapper tb-pc-artikel post-card swiper-slide\" style=\"--awb-padding-bottom:30px;--awb-inner-bg-blend:overlay;--awb-inner-bg-size:cover;--awb-flex-grow:0;--awb-flex-shrink:0;--awb-flex-grow-medium:0;--awb-flex-shrink-medium:0;--awb-flex-grow-small:0;--awb-flex-shrink-small:0;\" data-scroll-devices=\"small-visibility,medium-visibility,large-visibility\"><span class=\"fusion-column-inner-bg hover-type-none\"><a class=\"fusion-column-anchor\" href=\"https:\/\/bakertilly.be\/fr\/news\/materiel-et-outillage-la-reforme-du-precompte-immobilier-est-entree-en-vigueur\/\"><span class=\"fusion-column-inner-bg-image\"><\/span><\/a><\/span><div class=\"fusion-column-wrapper fusion-column-has-shadow fusion-flex-justify-content-flex-start fusion-content-layout-column fusion-carousel-item-wrapper\"><div class=\"fusion-image-element \" style=\"--awb-aspect-ratio:3 \/ 2;--awb-caption-title-font-family:var(--h2_typography-font-family);--awb-caption-title-font-weight:var(--h2_typography-font-weight);--awb-caption-title-font-style:var(--h2_typography-font-style);--awb-caption-title-size:var(--h2_typography-font-size);--awb-caption-title-transform:var(--h2_typography-text-transform);--awb-caption-title-line-height:var(--h2_typography-line-height);--awb-caption-title-letter-spacing:var(--h2_typography-letter-spacing);\"><span class=\" fusion-imageframe imageframe-none imageframe-3 hover-type-zoomin has-aspect-ratio\" style=\"border-radius:4px 4px 0 0;\"><img decoding=\"async\" width=\"1900\" height=\"1000\" title=\"Mat\u00e9riel et outillage la r\u00e9forme du pr\u00e9compte immobilier est entr\u00e9e en vigueur\" src=\"https:\/\/bakertilly.be\/wp-content\/uploads\/2026\/04\/Materiel-et-outillage-la-reforme-du-precompte-immobilier-est-entree-en-vigueur.webp\" class=\"img-responsive wp-image-28209 img-with-aspect-ratio\" data-parent-fit=\"cover\" data-parent-container=\".fusion-image-element\" alt srcset=\"https:\/\/bakertilly.be\/wp-content\/uploads\/2026\/04\/Materiel-et-outillage-la-reforme-du-precompte-immobilier-est-entree-en-vigueur-200x105.webp 200w, https:\/\/bakertilly.be\/wp-content\/uploads\/2026\/04\/Materiel-et-outillage-la-reforme-du-precompte-immobilier-est-entree-en-vigueur-400x211.webp 400w, https:\/\/bakertilly.be\/wp-content\/uploads\/2026\/04\/Materiel-et-outillage-la-reforme-du-precompte-immobilier-est-entree-en-vigueur-600x316.webp 600w, https:\/\/bakertilly.be\/wp-content\/uploads\/2026\/04\/Materiel-et-outillage-la-reforme-du-precompte-immobilier-est-entree-en-vigueur-800x421.webp 800w, https:\/\/bakertilly.be\/wp-content\/uploads\/2026\/04\/Materiel-et-outillage-la-reforme-du-precompte-immobilier-est-entree-en-vigueur-1200x632.webp 1200w, https:\/\/bakertilly.be\/wp-content\/uploads\/2026\/04\/Materiel-et-outillage-la-reforme-du-precompte-immobilier-est-entree-en-vigueur.webp 1900w\" sizes=\"(max-width: 800px) 100vw, 1900px\" \/><\/span><\/div><div class=\"fusion-builder-row fusion-builder-row-inner fusion-row fusion-flex-align-items-flex-start fusion-flex-justify-content-center fusion-flex-content-wrap\" style=\"--awb-flex-grow:0;--awb-flex-grow-medium:0;--awb-flex-grow-small:0;--awb-flex-shrink:0;--awb-flex-shrink-medium:0;--awb-flex-shrink-small:0;width:104% !important;max-width:104% !important;margin-left: calc(-4% \/ 2 );margin-right: calc(-4% \/ 2 );\"><div class=\"fusion-layout-column fusion_builder_column_inner fusion-builder-nested-column-9 fusion_builder_column_inner_1_1 1_1 fusion-flex-column\" style=\"--awb-padding-top:10px;--awb-padding-bottom:10px;--awb-bg-size:cover;--awb-border-color:hsla(var(--awb-color8-h),var(--awb-color8-s),var(--awb-color8-l),calc(var(--awb-color8-a) - 85%));--awb-border-bottom:1px;--awb-border-style:solid;--awb-width-large:100%;--awb-margin-top-large:0px;--awb-spacing-right-large:1.92%;--awb-margin-bottom-large:0px;--awb-spacing-left-large:1.92%;--awb-width-medium:100%;--awb-order-medium:0;--awb-spacing-right-medium:1.92%;--awb-spacing-left-medium:1.92%;--awb-width-small:100%;--awb-order-small:0;--awb-spacing-right-small:1.92%;--awb-spacing-left-small:1.92%;\" data-scroll-devices=\"small-visibility,medium-visibility,large-visibility\"><div class=\"fusion-column-wrapper fusion-column-has-shadow fusion-flex-justify-content-flex-start fusion-content-layout-row fusion-flex-align-items-center\"><div class=\"fusion-text fusion-text-31 fusion-text-no-margin\" style=\"--awb-font-size:11px;--awb-line-height:var(--awb-custom_typography_8-line-height);--awb-letter-spacing:var(--awb-custom_typography_8-letter-spacing);--awb-text-transform:var(--awb-custom_typography_8-text-transform);--awb-text-color:hsla(var(--awb-color8-h),var(--awb-color8-s),var(--awb-color8-l),calc(var(--awb-color8-a) - 50%));--awb-user-select:none;--awb-margin-top:0px;--awb-margin-right:0px;--awb-margin-bottom:0px;--awb-margin-left:0px;--awb-text-font-family:var(--awb-custom_typography_8-font-family);--awb-text-font-weight:var(--awb-custom_typography_8-font-weight);--awb-text-font-style:var(--awb-custom_typography_8-font-style);\"><p>15\/04\/2026<\/p>\n<\/div><div class=\"fusion-text fusion-text-32 fusion-text-no-margin\" style=\"--awb-font-size:11px;--awb-line-height:var(--awb-custom_typography_8-line-height);--awb-letter-spacing:var(--awb-custom_typography_8-letter-spacing);--awb-text-transform:var(--awb-custom_typography_8-text-transform);--awb-text-color:hsla(var(--awb-color8-h),var(--awb-color8-s),var(--awb-color8-l),calc(var(--awb-color8-a) - 50%));--awb-user-select:none;--awb-margin-top:0px;--awb-margin-right:0px;--awb-margin-bottom:0px;--awb-margin-left:0px;--awb-text-font-family:var(--awb-custom_typography_8-font-family);--awb-text-font-weight:var(--awb-custom_typography_8-font-weight);--awb-text-font-style:var(--awb-custom_typography_8-font-style);\"><p>|<\/p>\n<\/div><div class=\"fusion-text fusion-text-33 fusion-text-no-margin tb-pc-artikel-termen\" style=\"--awb-font-size:11px;--awb-line-height:var(--awb-custom_typography_8-line-height);--awb-letter-spacing:var(--awb-custom_typography_8-letter-spacing);--awb-text-transform:uppercase;--awb-text-color:hsla(var(--awb-color8-h),var(--awb-color8-s),var(--awb-color8-l),calc(var(--awb-color8-a) - 50%));--awb-user-select:none;--awb-margin-top:0px;--awb-margin-right:0px;--awb-margin-bottom:0px;--awb-margin-left:0px;--awb-text-font-family:var(--awb-custom_typography_8-font-family);--awb-text-font-weight:var(--awb-custom_typography_8-font-weight);--awb-text-font-style:var(--awb-custom_typography_8-font-style);\"><p><a href=\"https:\/\/bakertilly.be\/fr\/news\/category\/tax-fr\/\" title=\"Imp\u00f4ts\">Imp\u00f4ts<\/a><a href=\"https:\/\/bakertilly.be\/fr\/news\/category\/planification-patrimoniale-et-successorale\/\" title=\"Planification successorale\">Planification successorale<\/a><\/p>\n<\/div><\/div><\/div><\/div><div class=\"fusion-separator fusion-full-width-sep\" style=\"align-self: center;margin-left: auto;margin-right: auto;margin-top:25px;margin-bottom:0px;width:100%;max-width:100%;\"><\/div><div class=\"fusion-title title fusion-title-21 fusion-sep-none fusion-title-text fusion-title-size-four\" style=\"--awb-margin-top:0px;--awb-margin-right:0px;--awb-margin-bottom:10px;--awb-margin-left:0px;--awb-margin-top-small:0px;--awb-margin-right-small:0px;--awb-margin-bottom-small:10px;--awb-margin-left-small:0px;\"><h4 class=\"fusion-title-heading title-heading-left fusion-responsive-typography-calculated\" style=\"margin:0;text-transform:none;--fontSize:18;--minFontSize:18;line-height:var(--awb-custom_typography_5-line-height);\">Mat\u00e9riel et outillage : la r\u00e9forme du pr\u00e9compte immobilier est entr\u00e9e en vigueur<\/h4><\/div><div class=\"fusion-text fusion-text-34 fusion-text-no-margin tb-pc-artikel-samenvatting\" style=\"--awb-content-alignment:left;--awb-font-size:var(--awb-typography3-font-size);--awb-line-height:var(--awb-typography3-line-height);--awb-letter-spacing:var(--awb-typography3-letter-spacing);--awb-text-transform:var(--awb-typography3-text-transform);--awb-margin-bottom:10px;--awb-text-font-family:var(--awb-typography3-font-family);--awb-text-font-weight:var(--awb-typography3-font-weight);--awb-text-font-style:var(--awb-typography3-font-style);\"><p>Depuis pr\u00e8s de vingt ans, la R\u00e9gion wallonne soutenait les entreprises au moyen d\u2019un r\u00e9gime d\u2019exon\u00e9ration du pr\u00e9compte immobilier sur le mat\u00e9riel et l\u2019outillage acquis \u00e0 l\u2019\u00e9tat neuf. Le d\u00e9cret\u2011programme du 19 d\u00e9cembre 2025 modifie toutefois profond\u00e9ment ce dispositif : il introduit une limitation temporelle de l\u2019exon\u00e9ration, recentrant le r\u00e9gime d\u2019exon\u00e9ration sur une p\u00e9riode stricte de cinq ans. Les lignes qui suivent pr\u00e9sentent une synth\u00e8se de cette r\u00e9forme et de ses implications concr\u00e8tes pour votre entreprise.<\/p>\n<\/div><div style=\"text-align:left;\"><a class=\"fusion-button button-flat fusion-button-default-size button-custom fusion-button-default button-5 fusion-button-default-span fusion-button-default-type custom-btn\" style=\"--button_accent_color:var(--awb-color8);--button_border_color:var(--awb-color4);--button_accent_hover_color:var(--awb-color8);--button_border_hover_color:hsla(var(--awb-color4-h),var(--awb-color4-s),var(--awb-color4-l),calc(var(--awb-color4-a) - 25%));--button_border_width-top:0;--button_border_width-right:0;--button_border_width-bottom:1px;--button_border_width-left:0;--button-border-radius-top-left:0;--button-border-radius-top-right:0;--button-border-radius-bottom-right:0;--button-border-radius-bottom-left:0;--button_gradient_top_color:hsla(var(--awb-color6-h),var(--awb-color6-s),var(--awb-color6-l),calc(var(--awb-color6-a) - 100%));--button_gradient_bottom_color:hsla(var(--awb-color6-h),var(--awb-color6-s),var(--awb-color6-l),calc(var(--awb-color6-a) - 100%));--button_gradient_top_color_hover:hsla(var(--awb-color4-h),var(--awb-color4-s),var(--awb-color4-l),calc(var(--awb-color4-a) - 100%));--button_gradient_bottom_color_hover:hsla(var(--awb-color4-h),var(--awb-color4-s),var(--awb-color4-l),calc(var(--awb-color4-a) - 100%));--button_text_transform:var(--awb-typography4-text-transform);--button_font_size:var(--awb-typography4-font-size);--button_line_height:var(--awb-typography4-line-height);--button_padding-top:0px;--button_padding-right:0px;--button_padding-bottom:4px;--button_padding-left:0px;--button_typography-letter-spacing:var(--awb-typography4-letter-spacing);--button_typography-font-family:var(--awb-typography4-font-family);--button_typography-font-weight:var(--awb-typography4-font-weight);--button_typography-font-style:var(--awb-typography4-font-style);\" target=\"_self\" title=\"En savoir plus\" aria-label=\"En savoir plus\"><span class=\"fusion-button-text awb-button__text awb-button__text--default\">En savoir plus<\/span><\/a><\/div><\/div><\/div>\n<div class=\"fusion_builder_column fusion-builder-column-27 fusion-flex-column fusion-column-inner-bg-wrapper tb-pc-artikel post-card swiper-slide\" style=\"--awb-padding-bottom:30px;--awb-inner-bg-blend:overlay;--awb-inner-bg-size:cover;--awb-flex-grow:0;--awb-flex-shrink:0;--awb-flex-grow-medium:0;--awb-flex-shrink-medium:0;--awb-flex-grow-small:0;--awb-flex-shrink-small:0;\" data-scroll-devices=\"small-visibility,medium-visibility,large-visibility\"><span class=\"fusion-column-inner-bg hover-type-none\"><a class=\"fusion-column-anchor\" href=\"https:\/\/bakertilly.be\/fr\/news\/delai-supplementaire-pour-les-declarations-au-titre-du-pilier-ii\/\"><span class=\"fusion-column-inner-bg-image\"><\/span><\/a><\/span><div class=\"fusion-column-wrapper fusion-column-has-shadow fusion-flex-justify-content-flex-start fusion-content-layout-column fusion-carousel-item-wrapper\"><div class=\"fusion-image-element \" style=\"--awb-aspect-ratio:3 \/ 2;--awb-caption-title-font-family:var(--h2_typography-font-family);--awb-caption-title-font-weight:var(--h2_typography-font-weight);--awb-caption-title-font-style:var(--h2_typography-font-style);--awb-caption-title-size:var(--h2_typography-font-size);--awb-caption-title-transform:var(--h2_typography-text-transform);--awb-caption-title-line-height:var(--h2_typography-line-height);--awb-caption-title-letter-spacing:var(--h2_typography-letter-spacing);\"><span class=\" fusion-imageframe imageframe-none imageframe-4 hover-type-zoomin has-aspect-ratio\" style=\"border-radius:4px 4px 0 0;\"><img decoding=\"async\" width=\"1806\" height=\"951\" alt=\"Retard suppl\u00e9mentaire Retours au titre du pilier II\" title=\"Retard suppl\u00e9mentaire Retours au titre du pilier II\" src=\"https:\/\/bakertilly.be\/wp-content\/uploads\/2026\/04\/Bijkomend-uitstel-Pillar-II-aangiftes.webp\" class=\"img-responsive wp-image-28194 img-with-aspect-ratio\" data-parent-fit=\"cover\" data-parent-container=\".fusion-image-element\" srcset=\"https:\/\/bakertilly.be\/wp-content\/uploads\/2026\/04\/Bijkomend-uitstel-Pillar-II-aangiftes-200x105.webp 200w, https:\/\/bakertilly.be\/wp-content\/uploads\/2026\/04\/Bijkomend-uitstel-Pillar-II-aangiftes-400x211.webp 400w, https:\/\/bakertilly.be\/wp-content\/uploads\/2026\/04\/Bijkomend-uitstel-Pillar-II-aangiftes-600x316.webp 600w, https:\/\/bakertilly.be\/wp-content\/uploads\/2026\/04\/Bijkomend-uitstel-Pillar-II-aangiftes-800x421.webp 800w, https:\/\/bakertilly.be\/wp-content\/uploads\/2026\/04\/Bijkomend-uitstel-Pillar-II-aangiftes-1200x632.webp 1200w, https:\/\/bakertilly.be\/wp-content\/uploads\/2026\/04\/Bijkomend-uitstel-Pillar-II-aangiftes.webp 1806w\" sizes=\"(max-width: 800px) 100vw, 1806px\" \/><\/span><\/div><div class=\"fusion-builder-row fusion-builder-row-inner fusion-row fusion-flex-align-items-flex-start fusion-flex-justify-content-center fusion-flex-content-wrap\" style=\"--awb-flex-grow:0;--awb-flex-grow-medium:0;--awb-flex-grow-small:0;--awb-flex-shrink:0;--awb-flex-shrink-medium:0;--awb-flex-shrink-small:0;width:104% !important;max-width:104% !important;margin-left: calc(-4% \/ 2 );margin-right: calc(-4% \/ 2 );\"><div class=\"fusion-layout-column fusion_builder_column_inner fusion-builder-nested-column-10 fusion_builder_column_inner_1_1 1_1 fusion-flex-column\" style=\"--awb-padding-top:10px;--awb-padding-bottom:10px;--awb-bg-size:cover;--awb-border-color:hsla(var(--awb-color8-h),var(--awb-color8-s),var(--awb-color8-l),calc(var(--awb-color8-a) - 85%));--awb-border-bottom:1px;--awb-border-style:solid;--awb-width-large:100%;--awb-margin-top-large:0px;--awb-spacing-right-large:1.92%;--awb-margin-bottom-large:0px;--awb-spacing-left-large:1.92%;--awb-width-medium:100%;--awb-order-medium:0;--awb-spacing-right-medium:1.92%;--awb-spacing-left-medium:1.92%;--awb-width-small:100%;--awb-order-small:0;--awb-spacing-right-small:1.92%;--awb-spacing-left-small:1.92%;\" data-scroll-devices=\"small-visibility,medium-visibility,large-visibility\"><div class=\"fusion-column-wrapper fusion-column-has-shadow fusion-flex-justify-content-flex-start fusion-content-layout-row fusion-flex-align-items-center\"><div class=\"fusion-text fusion-text-35 fusion-text-no-margin\" style=\"--awb-font-size:11px;--awb-line-height:var(--awb-custom_typography_8-line-height);--awb-letter-spacing:var(--awb-custom_typography_8-letter-spacing);--awb-text-transform:var(--awb-custom_typography_8-text-transform);--awb-text-color:hsla(var(--awb-color8-h),var(--awb-color8-s),var(--awb-color8-l),calc(var(--awb-color8-a) - 50%));--awb-user-select:none;--awb-margin-top:0px;--awb-margin-right:0px;--awb-margin-bottom:0px;--awb-margin-left:0px;--awb-text-font-family:var(--awb-custom_typography_8-font-family);--awb-text-font-weight:var(--awb-custom_typography_8-font-weight);--awb-text-font-style:var(--awb-custom_typography_8-font-style);\"><p>10\/04\/2026<\/p>\n<\/div><div class=\"fusion-text fusion-text-36 fusion-text-no-margin\" style=\"--awb-font-size:11px;--awb-line-height:var(--awb-custom_typography_8-line-height);--awb-letter-spacing:var(--awb-custom_typography_8-letter-spacing);--awb-text-transform:var(--awb-custom_typography_8-text-transform);--awb-text-color:hsla(var(--awb-color8-h),var(--awb-color8-s),var(--awb-color8-l),calc(var(--awb-color8-a) - 50%));--awb-user-select:none;--awb-margin-top:0px;--awb-margin-right:0px;--awb-margin-bottom:0px;--awb-margin-left:0px;--awb-text-font-family:var(--awb-custom_typography_8-font-family);--awb-text-font-weight:var(--awb-custom_typography_8-font-weight);--awb-text-font-style:var(--awb-custom_typography_8-font-style);\"><p>|<\/p>\n<\/div><div class=\"fusion-text fusion-text-37 fusion-text-no-margin tb-pc-artikel-termen\" style=\"--awb-font-size:11px;--awb-line-height:var(--awb-custom_typography_8-line-height);--awb-letter-spacing:var(--awb-custom_typography_8-letter-spacing);--awb-text-transform:uppercase;--awb-text-color:hsla(var(--awb-color8-h),var(--awb-color8-s),var(--awb-color8-l),calc(var(--awb-color8-a) - 50%));--awb-user-select:none;--awb-margin-top:0px;--awb-margin-right:0px;--awb-margin-bottom:0px;--awb-margin-left:0px;--awb-text-font-family:var(--awb-custom_typography_8-font-family);--awb-text-font-weight:var(--awb-custom_typography_8-font-weight);--awb-text-font-style:var(--awb-custom_typography_8-font-style);\"><p><a href=\"https:\/\/bakertilly.be\/fr\/news\/category\/tax-fr\/\" title=\"Imp\u00f4ts\">Imp\u00f4ts<\/a><\/p>\n<\/div><\/div><\/div><\/div><div class=\"fusion-separator fusion-full-width-sep\" style=\"align-self: center;margin-left: auto;margin-right: auto;margin-top:25px;margin-bottom:0px;width:100%;max-width:100%;\"><\/div><div class=\"fusion-title title fusion-title-22 fusion-sep-none fusion-title-text fusion-title-size-four\" style=\"--awb-margin-top:0px;--awb-margin-right:0px;--awb-margin-bottom:10px;--awb-margin-left:0px;--awb-margin-top-small:0px;--awb-margin-right-small:0px;--awb-margin-bottom-small:10px;--awb-margin-left-small:0px;\"><h4 class=\"fusion-title-heading title-heading-left fusion-responsive-typography-calculated\" style=\"margin:0;text-transform:none;--fontSize:18;--minFontSize:18;line-height:var(--awb-custom_typography_5-line-height);\">D\u00e9lai suppl\u00e9mentaire pour les d\u00e9clarations au titre du pilier II<\/h4><\/div><div class=\"fusion-text fusion-text-38 fusion-text-no-margin tb-pc-artikel-samenvatting\" style=\"--awb-content-alignment:left;--awb-font-size:var(--awb-typography3-font-size);--awb-line-height:var(--awb-typography3-line-height);--awb-letter-spacing:var(--awb-typography3-letter-spacing);--awb-text-transform:var(--awb-typography3-text-transform);--awb-margin-bottom:10px;--awb-text-font-family:var(--awb-typography3-font-family);--awb-text-font-weight:var(--awb-typography3-font-weight);--awb-text-font-style:var(--awb-typography3-font-style);\"><p>Au d\u00e9but du mois d'avril, les autorit\u00e9s fiscales ont annonc\u00e9 un d\u00e9lai suppl\u00e9mentaire jusqu'au 30 septembre 2026 pour le d\u00e9p\u00f4t des toutes premi\u00e8res d\u00e9clarations QDMTT et IIR en vertu de la l\u00e9gislation du pilier II.<\/p>\n<\/div><div style=\"text-align:left;\"><a class=\"fusion-button button-flat fusion-button-default-size button-custom fusion-button-default button-6 fusion-button-default-span fusion-button-default-type custom-btn\" style=\"--button_accent_color:var(--awb-color8);--button_border_color:var(--awb-color4);--button_accent_hover_color:var(--awb-color8);--button_border_hover_color:hsla(var(--awb-color4-h),var(--awb-color4-s),var(--awb-color4-l),calc(var(--awb-color4-a) - 25%));--button_border_width-top:0;--button_border_width-right:0;--button_border_width-bottom:1px;--button_border_width-left:0;--button-border-radius-top-left:0;--button-border-radius-top-right:0;--button-border-radius-bottom-right:0;--button-border-radius-bottom-left:0;--button_gradient_top_color:hsla(var(--awb-color6-h),var(--awb-color6-s),var(--awb-color6-l),calc(var(--awb-color6-a) - 100%));--button_gradient_bottom_color:hsla(var(--awb-color6-h),var(--awb-color6-s),var(--awb-color6-l),calc(var(--awb-color6-a) - 100%));--button_gradient_top_color_hover:hsla(var(--awb-color4-h),var(--awb-color4-s),var(--awb-color4-l),calc(var(--awb-color4-a) - 100%));--button_gradient_bottom_color_hover:hsla(var(--awb-color4-h),var(--awb-color4-s),var(--awb-color4-l),calc(var(--awb-color4-a) - 100%));--button_text_transform:var(--awb-typography4-text-transform);--button_font_size:var(--awb-typography4-font-size);--button_line_height:var(--awb-typography4-line-height);--button_padding-top:0px;--button_padding-right:0px;--button_padding-bottom:4px;--button_padding-left:0px;--button_typography-letter-spacing:var(--awb-typography4-letter-spacing);--button_typography-font-family:var(--awb-typography4-font-family);--button_typography-font-weight:var(--awb-typography4-font-weight);--button_typography-font-style:var(--awb-typography4-font-style);\" target=\"_self\" title=\"En savoir plus\" aria-label=\"En savoir plus\"><span class=\"fusion-button-text awb-button__text awb-button__text--default\">En savoir plus<\/span><\/a><\/div><\/div><\/div>\n<div class=\"fusion_builder_column fusion-builder-column-28 fusion-flex-column fusion-column-inner-bg-wrapper tb-pc-artikel post-card swiper-slide\" style=\"--awb-padding-bottom:30px;--awb-inner-bg-blend:overlay;--awb-inner-bg-size:cover;--awb-flex-grow:0;--awb-flex-shrink:0;--awb-flex-grow-medium:0;--awb-flex-shrink-medium:0;--awb-flex-grow-small:0;--awb-flex-shrink-small:0;\" data-scroll-devices=\"small-visibility,medium-visibility,large-visibility\"><span class=\"fusion-column-inner-bg hover-type-none\"><a class=\"fusion-column-anchor\" href=\"https:\/\/bakertilly.be\/fr\/news\/la-taxe-sur-les-plus-values-est-une-realite\/\"><span class=\"fusion-column-inner-bg-image\"><\/span><\/a><\/span><div class=\"fusion-column-wrapper fusion-column-has-shadow fusion-flex-justify-content-flex-start fusion-content-layout-column fusion-carousel-item-wrapper\"><div class=\"fusion-image-element \" style=\"--awb-aspect-ratio:3 \/ 2;--awb-caption-title-font-family:var(--h2_typography-font-family);--awb-caption-title-font-weight:var(--h2_typography-font-weight);--awb-caption-title-font-style:var(--h2_typography-font-style);--awb-caption-title-size:var(--h2_typography-font-size);--awb-caption-title-transform:var(--h2_typography-text-transform);--awb-caption-title-line-height:var(--h2_typography-line-height);--awb-caption-title-letter-spacing:var(--h2_typography-letter-spacing);\"><span class=\" fusion-imageframe imageframe-none imageframe-5 hover-type-zoomin has-aspect-ratio\" style=\"border-radius:4px 4px 0 0;\"><img decoding=\"async\" width=\"1900\" height=\"1000\" alt=\"L&#039;imp\u00f4t sur les plus-values est une r\u00e9alit\u00e9\" title=\"L&rsquo;imp\u00f4t sur les plus-values est une r\u00e9alit\u00e9\" src=\"https:\/\/bakertilly.be\/wp-content\/uploads\/2026\/04\/Meerwaardebelasting-is-een-feit\u2026.webp\" class=\"img-responsive wp-image-28099 img-with-aspect-ratio\" data-parent-fit=\"cover\" data-parent-container=\".fusion-image-element\" srcset=\"https:\/\/bakertilly.be\/wp-content\/uploads\/2026\/04\/Meerwaardebelasting-is-een-feit\u2026-200x105.webp 200w, https:\/\/bakertilly.be\/wp-content\/uploads\/2026\/04\/Meerwaardebelasting-is-een-feit\u2026-400x211.webp 400w, https:\/\/bakertilly.be\/wp-content\/uploads\/2026\/04\/Meerwaardebelasting-is-een-feit\u2026-600x316.webp 600w, https:\/\/bakertilly.be\/wp-content\/uploads\/2026\/04\/Meerwaardebelasting-is-een-feit\u2026-800x421.webp 800w, https:\/\/bakertilly.be\/wp-content\/uploads\/2026\/04\/Meerwaardebelasting-is-een-feit\u2026-1200x632.webp 1200w, https:\/\/bakertilly.be\/wp-content\/uploads\/2026\/04\/Meerwaardebelasting-is-een-feit\u2026.webp 1900w\" sizes=\"(max-width: 800px) 100vw, 1900px\" \/><\/span><\/div><div class=\"fusion-builder-row fusion-builder-row-inner fusion-row fusion-flex-align-items-flex-start fusion-flex-justify-content-center fusion-flex-content-wrap\" style=\"--awb-flex-grow:0;--awb-flex-grow-medium:0;--awb-flex-grow-small:0;--awb-flex-shrink:0;--awb-flex-shrink-medium:0;--awb-flex-shrink-small:0;width:104% !important;max-width:104% !important;margin-left: calc(-4% \/ 2 );margin-right: calc(-4% \/ 2 );\"><div class=\"fusion-layout-column fusion_builder_column_inner fusion-builder-nested-column-11 fusion_builder_column_inner_1_1 1_1 fusion-flex-column\" style=\"--awb-padding-top:10px;--awb-padding-bottom:10px;--awb-bg-size:cover;--awb-border-color:hsla(var(--awb-color8-h),var(--awb-color8-s),var(--awb-color8-l),calc(var(--awb-color8-a) - 85%));--awb-border-bottom:1px;--awb-border-style:solid;--awb-width-large:100%;--awb-margin-top-large:0px;--awb-spacing-right-large:1.92%;--awb-margin-bottom-large:0px;--awb-spacing-left-large:1.92%;--awb-width-medium:100%;--awb-order-medium:0;--awb-spacing-right-medium:1.92%;--awb-spacing-left-medium:1.92%;--awb-width-small:100%;--awb-order-small:0;--awb-spacing-right-small:1.92%;--awb-spacing-left-small:1.92%;\" data-scroll-devices=\"small-visibility,medium-visibility,large-visibility\"><div class=\"fusion-column-wrapper fusion-column-has-shadow fusion-flex-justify-content-flex-start fusion-content-layout-row fusion-flex-align-items-center\"><div class=\"fusion-text fusion-text-39 fusion-text-no-margin\" style=\"--awb-font-size:11px;--awb-line-height:var(--awb-custom_typography_8-line-height);--awb-letter-spacing:var(--awb-custom_typography_8-letter-spacing);--awb-text-transform:var(--awb-custom_typography_8-text-transform);--awb-text-color:hsla(var(--awb-color8-h),var(--awb-color8-s),var(--awb-color8-l),calc(var(--awb-color8-a) - 50%));--awb-user-select:none;--awb-margin-top:0px;--awb-margin-right:0px;--awb-margin-bottom:0px;--awb-margin-left:0px;--awb-text-font-family:var(--awb-custom_typography_8-font-family);--awb-text-font-weight:var(--awb-custom_typography_8-font-weight);--awb-text-font-style:var(--awb-custom_typography_8-font-style);\"><p>03\/04\/2026<\/p>\n<\/div><div class=\"fusion-text fusion-text-40 fusion-text-no-margin\" style=\"--awb-font-size:11px;--awb-line-height:var(--awb-custom_typography_8-line-height);--awb-letter-spacing:var(--awb-custom_typography_8-letter-spacing);--awb-text-transform:var(--awb-custom_typography_8-text-transform);--awb-text-color:hsla(var(--awb-color8-h),var(--awb-color8-s),var(--awb-color8-l),calc(var(--awb-color8-a) - 50%));--awb-user-select:none;--awb-margin-top:0px;--awb-margin-right:0px;--awb-margin-bottom:0px;--awb-margin-left:0px;--awb-text-font-family:var(--awb-custom_typography_8-font-family);--awb-text-font-weight:var(--awb-custom_typography_8-font-weight);--awb-text-font-style:var(--awb-custom_typography_8-font-style);\"><p>|<\/p>\n<\/div><div class=\"fusion-text fusion-text-41 fusion-text-no-margin tb-pc-artikel-termen\" style=\"--awb-font-size:11px;--awb-line-height:var(--awb-custom_typography_8-line-height);--awb-letter-spacing:var(--awb-custom_typography_8-letter-spacing);--awb-text-transform:uppercase;--awb-text-color:hsla(var(--awb-color8-h),var(--awb-color8-s),var(--awb-color8-l),calc(var(--awb-color8-a) - 50%));--awb-user-select:none;--awb-margin-top:0px;--awb-margin-right:0px;--awb-margin-bottom:0px;--awb-margin-left:0px;--awb-text-font-family:var(--awb-custom_typography_8-font-family);--awb-text-font-weight:var(--awb-custom_typography_8-font-weight);--awb-text-font-style:var(--awb-custom_typography_8-font-style);\"><p><a href=\"https:\/\/bakertilly.be\/fr\/news\/category\/tax-fr\/\" title=\"Imp\u00f4ts\">Imp\u00f4ts<\/a><\/p>\n<\/div><\/div><\/div><\/div><div class=\"fusion-separator fusion-full-width-sep\" style=\"align-self: center;margin-left: auto;margin-right: auto;margin-top:25px;margin-bottom:0px;width:100%;max-width:100%;\"><\/div><div class=\"fusion-title title fusion-title-23 fusion-sep-none fusion-title-text fusion-title-size-four\" style=\"--awb-margin-top:0px;--awb-margin-right:0px;--awb-margin-bottom:10px;--awb-margin-left:0px;--awb-margin-top-small:0px;--awb-margin-right-small:0px;--awb-margin-bottom-small:10px;--awb-margin-left-small:0px;\"><h4 class=\"fusion-title-heading title-heading-left fusion-responsive-typography-calculated\" style=\"margin:0;text-transform:none;--fontSize:18;--minFontSize:18;line-height:var(--awb-custom_typography_5-line-height);\">La taxe sur les plus-values est une r\u00e9alit\u00e9<\/h4><\/div><div class=\"fusion-text fusion-text-42 fusion-text-no-margin tb-pc-artikel-samenvatting\" style=\"--awb-content-alignment:left;--awb-font-size:var(--awb-typography3-font-size);--awb-line-height:var(--awb-typography3-line-height);--awb-letter-spacing:var(--awb-typography3-letter-spacing);--awb-text-transform:var(--awb-typography3-text-transform);--awb-margin-bottom:10px;--awb-text-font-family:var(--awb-typography3-font-family);--awb-text-font-weight:var(--awb-typography3-font-weight);--awb-text-font-style:var(--awb-typography3-font-style);\"><p>Hier, la Chambre a approuv\u00e9 l'introduction de la taxe relative aux plus-values (sur les actifs financiers), qui a fait l'objet de nombreuses discussions, au cours d'une session marathon.<\/p>\n<\/div><div style=\"text-align:left;\"><a class=\"fusion-button button-flat fusion-button-default-size button-custom fusion-button-default button-7 fusion-button-default-span fusion-button-default-type custom-btn\" style=\"--button_accent_color:var(--awb-color8);--button_border_color:var(--awb-color4);--button_accent_hover_color:var(--awb-color8);--button_border_hover_color:hsla(var(--awb-color4-h),var(--awb-color4-s),var(--awb-color4-l),calc(var(--awb-color4-a) - 25%));--button_border_width-top:0;--button_border_width-right:0;--button_border_width-bottom:1px;--button_border_width-left:0;--button-border-radius-top-left:0;--button-border-radius-top-right:0;--button-border-radius-bottom-right:0;--button-border-radius-bottom-left:0;--button_gradient_top_color:hsla(var(--awb-color6-h),var(--awb-color6-s),var(--awb-color6-l),calc(var(--awb-color6-a) - 100%));--button_gradient_bottom_color:hsla(var(--awb-color6-h),var(--awb-color6-s),var(--awb-color6-l),calc(var(--awb-color6-a) - 100%));--button_gradient_top_color_hover:hsla(var(--awb-color4-h),var(--awb-color4-s),var(--awb-color4-l),calc(var(--awb-color4-a) - 100%));--button_gradient_bottom_color_hover:hsla(var(--awb-color4-h),var(--awb-color4-s),var(--awb-color4-l),calc(var(--awb-color4-a) - 100%));--button_text_transform:var(--awb-typography4-text-transform);--button_font_size:var(--awb-typography4-font-size);--button_line_height:var(--awb-typography4-line-height);--button_padding-top:0px;--button_padding-right:0px;--button_padding-bottom:4px;--button_padding-left:0px;--button_typography-letter-spacing:var(--awb-typography4-letter-spacing);--button_typography-font-family:var(--awb-typography4-font-family);--button_typography-font-weight:var(--awb-typography4-font-weight);--button_typography-font-style:var(--awb-typography4-font-style);\" target=\"_self\" title=\"En savoir plus\" aria-label=\"En savoir plus\"><span class=\"fusion-button-text awb-button__text awb-button__text--default\">En savoir plus<\/span><\/a><\/div><\/div><\/div>\n<div class=\"fusion_builder_column fusion-builder-column-29 fusion-flex-column fusion-column-inner-bg-wrapper tb-pc-artikel post-card swiper-slide\" style=\"--awb-padding-bottom:30px;--awb-inner-bg-blend:overlay;--awb-inner-bg-size:cover;--awb-flex-grow:0;--awb-flex-shrink:0;--awb-flex-grow-medium:0;--awb-flex-shrink-medium:0;--awb-flex-grow-small:0;--awb-flex-shrink-small:0;\" data-scroll-devices=\"small-visibility,medium-visibility,large-visibility\"><span class=\"fusion-column-inner-bg hover-type-none\"><a class=\"fusion-column-anchor\" href=\"https:\/\/bakertilly.be\/fr\/news\/nouvelle-obligation-de-retenue-a-la-source-a-partir-du-1er-mai-2026\/\"><span class=\"fusion-column-inner-bg-image\"><\/span><\/a><\/span><div class=\"fusion-column-wrapper fusion-column-has-shadow fusion-flex-justify-content-flex-start fusion-content-layout-column fusion-carousel-item-wrapper\"><div class=\"fusion-image-element \" style=\"--awb-aspect-ratio:3 \/ 2;--awb-caption-title-font-family:var(--h2_typography-font-family);--awb-caption-title-font-weight:var(--h2_typography-font-weight);--awb-caption-title-font-style:var(--h2_typography-font-style);--awb-caption-title-size:var(--h2_typography-font-size);--awb-caption-title-transform:var(--h2_typography-text-transform);--awb-caption-title-line-height:var(--h2_typography-line-height);--awb-caption-title-letter-spacing:var(--h2_typography-letter-spacing);\"><span class=\" fusion-imageframe imageframe-none imageframe-6 hover-type-zoomin has-aspect-ratio\" style=\"border-radius:4px 4px 0 0;\"><img decoding=\"async\" width=\"836\" height=\"573\" alt=\"Nouvelle obligation de retenue \u00e0 la source \u00e0 partir du 1er mai 2026\" title=\"Nouvelle obligation de retenue \u00e0 la source \u00e0 partir du 1er mai 2026\" src=\"https:\/\/bakertilly.be\/wp-content\/uploads\/2026\/04\/Nieuwe-inhoudingsplicht-vanaf-1-mei-2026.webp\" class=\"img-responsive wp-image-28062 img-with-aspect-ratio\" data-parent-fit=\"cover\" data-parent-container=\".fusion-image-element\" srcset=\"https:\/\/bakertilly.be\/wp-content\/uploads\/2026\/04\/Nieuwe-inhoudingsplicht-vanaf-1-mei-2026-200x137.webp 200w, https:\/\/bakertilly.be\/wp-content\/uploads\/2026\/04\/Nieuwe-inhoudingsplicht-vanaf-1-mei-2026-400x274.webp 400w, https:\/\/bakertilly.be\/wp-content\/uploads\/2026\/04\/Nieuwe-inhoudingsplicht-vanaf-1-mei-2026-600x411.webp 600w, https:\/\/bakertilly.be\/wp-content\/uploads\/2026\/04\/Nieuwe-inhoudingsplicht-vanaf-1-mei-2026-800x548.webp 800w, https:\/\/bakertilly.be\/wp-content\/uploads\/2026\/04\/Nieuwe-inhoudingsplicht-vanaf-1-mei-2026.webp 836w\" sizes=\"(max-width: 800px) 100vw, 836px\" \/><\/span><\/div><div class=\"fusion-builder-row fusion-builder-row-inner fusion-row fusion-flex-align-items-flex-start fusion-flex-justify-content-center fusion-flex-content-wrap\" style=\"--awb-flex-grow:0;--awb-flex-grow-medium:0;--awb-flex-grow-small:0;--awb-flex-shrink:0;--awb-flex-shrink-medium:0;--awb-flex-shrink-small:0;width:104% !important;max-width:104% !important;margin-left: calc(-4% \/ 2 );margin-right: calc(-4% \/ 2 );\"><div class=\"fusion-layout-column fusion_builder_column_inner fusion-builder-nested-column-12 fusion_builder_column_inner_1_1 1_1 fusion-flex-column\" style=\"--awb-padding-top:10px;--awb-padding-bottom:10px;--awb-bg-size:cover;--awb-border-color:hsla(var(--awb-color8-h),var(--awb-color8-s),var(--awb-color8-l),calc(var(--awb-color8-a) - 85%));--awb-border-bottom:1px;--awb-border-style:solid;--awb-width-large:100%;--awb-margin-top-large:0px;--awb-spacing-right-large:1.92%;--awb-margin-bottom-large:0px;--awb-spacing-left-large:1.92%;--awb-width-medium:100%;--awb-order-medium:0;--awb-spacing-right-medium:1.92%;--awb-spacing-left-medium:1.92%;--awb-width-small:100%;--awb-order-small:0;--awb-spacing-right-small:1.92%;--awb-spacing-left-small:1.92%;\" data-scroll-devices=\"small-visibility,medium-visibility,large-visibility\"><div class=\"fusion-column-wrapper fusion-column-has-shadow fusion-flex-justify-content-flex-start fusion-content-layout-row fusion-flex-align-items-center\"><div class=\"fusion-text fusion-text-43 fusion-text-no-margin\" style=\"--awb-font-size:11px;--awb-line-height:var(--awb-custom_typography_8-line-height);--awb-letter-spacing:var(--awb-custom_typography_8-letter-spacing);--awb-text-transform:var(--awb-custom_typography_8-text-transform);--awb-text-color:hsla(var(--awb-color8-h),var(--awb-color8-s),var(--awb-color8-l),calc(var(--awb-color8-a) - 50%));--awb-user-select:none;--awb-margin-top:0px;--awb-margin-right:0px;--awb-margin-bottom:0px;--awb-margin-left:0px;--awb-text-font-family:var(--awb-custom_typography_8-font-family);--awb-text-font-weight:var(--awb-custom_typography_8-font-weight);--awb-text-font-style:var(--awb-custom_typography_8-font-style);\"><p>01\/04\/2026<\/p>\n<\/div><div class=\"fusion-text fusion-text-44 fusion-text-no-margin\" style=\"--awb-font-size:11px;--awb-line-height:var(--awb-custom_typography_8-line-height);--awb-letter-spacing:var(--awb-custom_typography_8-letter-spacing);--awb-text-transform:var(--awb-custom_typography_8-text-transform);--awb-text-color:hsla(var(--awb-color8-h),var(--awb-color8-s),var(--awb-color8-l),calc(var(--awb-color8-a) - 50%));--awb-user-select:none;--awb-margin-top:0px;--awb-margin-right:0px;--awb-margin-bottom:0px;--awb-margin-left:0px;--awb-text-font-family:var(--awb-custom_typography_8-font-family);--awb-text-font-weight:var(--awb-custom_typography_8-font-weight);--awb-text-font-style:var(--awb-custom_typography_8-font-style);\"><p>|<\/p>\n<\/div><div class=\"fusion-text fusion-text-45 fusion-text-no-margin tb-pc-artikel-termen\" style=\"--awb-font-size:11px;--awb-line-height:var(--awb-custom_typography_8-line-height);--awb-letter-spacing:var(--awb-custom_typography_8-letter-spacing);--awb-text-transform:uppercase;--awb-text-color:hsla(var(--awb-color8-h),var(--awb-color8-s),var(--awb-color8-l),calc(var(--awb-color8-a) - 50%));--awb-user-select:none;--awb-margin-top:0px;--awb-margin-right:0px;--awb-margin-bottom:0px;--awb-margin-left:0px;--awb-text-font-family:var(--awb-custom_typography_8-font-family);--awb-text-font-weight:var(--awb-custom_typography_8-font-weight);--awb-text-font-style:var(--awb-custom_typography_8-font-style);\"><p><a href=\"https:\/\/bakertilly.be\/fr\/news\/category\/accountancy-fr\/\" title=\"Comptabilit\u00e9\">Comptabilit\u00e9<\/a><a href=\"https:\/\/bakertilly.be\/fr\/news\/category\/legal-fr\/\" title=\"Juridique\">Juridique<\/a><\/p>\n<\/div><\/div><\/div><\/div><div class=\"fusion-separator fusion-full-width-sep\" style=\"align-self: center;margin-left: auto;margin-right: auto;margin-top:25px;margin-bottom:0px;width:100%;max-width:100%;\"><\/div><div class=\"fusion-title title fusion-title-24 fusion-sep-none fusion-title-text fusion-title-size-four\" style=\"--awb-margin-top:0px;--awb-margin-right:0px;--awb-margin-bottom:10px;--awb-margin-left:0px;--awb-margin-top-small:0px;--awb-margin-right-small:0px;--awb-margin-bottom-small:10px;--awb-margin-left-small:0px;\"><h4 class=\"fusion-title-heading title-heading-left fusion-responsive-typography-calculated\" style=\"margin:0;text-transform:none;--fontSize:18;--minFontSize:18;line-height:var(--awb-custom_typography_5-line-height);\">Nouvelle obligation de retenue \u00e0 la source \u00e0 partir du 1er mai 2026<\/h4><\/div><div class=\"fusion-text fusion-text-46 fusion-text-no-margin tb-pc-artikel-samenvatting\" style=\"--awb-content-alignment:left;--awb-font-size:var(--awb-typography3-font-size);--awb-line-height:var(--awb-typography3-line-height);--awb-letter-spacing:var(--awb-typography3-letter-spacing);--awb-text-transform:var(--awb-typography3-text-transform);--awb-margin-bottom:10px;--awb-text-font-family:var(--awb-typography3-font-family);--awb-text-font-weight:var(--awb-typography3-font-weight);--awb-text-font-style:var(--awb-typography3-font-style);\"><p>\u00c0 partir du 1er mai 2026, il y aura une nouvelle obligation de retenue pour les ma\u00eetres d'ouvrage et les entrepreneurs qui font ex\u00e9cuter des travaux dans les secteurs de la construction et du nettoyage.<\/p>\n<\/div><div style=\"text-align:left;\"><a class=\"fusion-button button-flat fusion-button-default-size button-custom fusion-button-default button-8 fusion-button-default-span fusion-button-default-type custom-btn\" style=\"--button_accent_color:var(--awb-color8);--button_border_color:var(--awb-color4);--button_accent_hover_color:var(--awb-color8);--button_border_hover_color:hsla(var(--awb-color4-h),var(--awb-color4-s),var(--awb-color4-l),calc(var(--awb-color4-a) - 25%));--button_border_width-top:0;--button_border_width-right:0;--button_border_width-bottom:1px;--button_border_width-left:0;--button-border-radius-top-left:0;--button-border-radius-top-right:0;--button-border-radius-bottom-right:0;--button-border-radius-bottom-left:0;--button_gradient_top_color:hsla(var(--awb-color6-h),var(--awb-color6-s),var(--awb-color6-l),calc(var(--awb-color6-a) - 100%));--button_gradient_bottom_color:hsla(var(--awb-color6-h),var(--awb-color6-s),var(--awb-color6-l),calc(var(--awb-color6-a) - 100%));--button_gradient_top_color_hover:hsla(var(--awb-color4-h),var(--awb-color4-s),var(--awb-color4-l),calc(var(--awb-color4-a) - 100%));--button_gradient_bottom_color_hover:hsla(var(--awb-color4-h),var(--awb-color4-s),var(--awb-color4-l),calc(var(--awb-color4-a) - 100%));--button_text_transform:var(--awb-typography4-text-transform);--button_font_size:var(--awb-typography4-font-size);--button_line_height:var(--awb-typography4-line-height);--button_padding-top:0px;--button_padding-right:0px;--button_padding-bottom:4px;--button_padding-left:0px;--button_typography-letter-spacing:var(--awb-typography4-letter-spacing);--button_typography-font-family:var(--awb-typography4-font-family);--button_typography-font-weight:var(--awb-typography4-font-weight);--button_typography-font-style:var(--awb-typography4-font-style);\" target=\"_self\" title=\"En savoir plus\" aria-label=\"En savoir plus\"><span class=\"fusion-button-text awb-button__text awb-button__text--default\">En savoir plus<\/span><\/a><\/div><\/div><\/div>\n<\/div><div class=\"swiper-pagination\"><\/div><div class=\"awb-swiper-button awb-swiper-button-prev\"><i class=\"awb-icon-angle-left\" aria-hidden=\"true\"><\/i><\/div><div class=\"awb-swiper-button awb-swiper-button-next\"><i class=\"awb-icon-angle-right\" aria-hidden=\"true\"><\/i><\/div><\/div><\/div><\/div><\/div><\/div><div class=\"fusion-fullwidth fullwidth-box fusion-builder-row-11 fusion-flex-container has-pattern-background has-mask-background nonhundred-percent-fullwidth non-hundred-percent-height-scrolling bt-container-custom_slider\" style=\"--awb-border-radius-top-left:0px;--awb-border-radius-top-right:0px;--awb-border-radius-bottom-right:0px;--awb-border-radius-bottom-left:0px;--awb-padding-top:30px;--awb-padding-bottom:150px;--awb-padding-bottom-small:60px;--awb-flex-wrap:wrap;\" ><div class=\"fusion-builder-row fusion-row fusion-flex-align-items-stretch fusion-flex-content-wrap\" style=\"max-width:calc( 1400px + 45px );margin-left: calc(-45px \/ 2 );margin-right: calc(-45px \/ 2 );\"><div class=\"fusion-layout-column fusion_builder_column fusion-builder-column-30 fusion_builder_column_1_1 1_1 fusion-flex-column bt-custom_slider\" style=\"--awb-bg-size:cover;--awb-width-large:100%;--awb-flex-grow:0;--awb-flex-shrink:0;--awb-margin-top-large:0px;--awb-spacing-right-large:22.5px;--awb-margin-bottom-large:0px;--awb-spacing-left-large:22.5px;--awb-width-medium:100%;--awb-order-medium:0;--awb-flex-grow-medium:0;--awb-flex-shrink-medium:0;--awb-spacing-right-medium:22.5px;--awb-spacing-left-medium:22.5px;--awb-width-small:100%;--awb-order-small:0;--awb-flex-grow-small:0;--awb-flex-shrink-small:0;--awb-spacing-right-small:22.5px;--awb-spacing-left-small:22.5px;\" data-scroll-devices=\"small-visibility,medium-visibility,large-visibility\"><div class=\"fusion-column-wrapper fusion-column-has-shadow fusion-flex-justify-content-space-between fusion-content-layout-row fusion-flex-align-items-center\"><div ><a class=\"fusion-button button-flat fusion-button-default-size button-custom fusion-button-default button-9 fusion-button-default-span fusion-button-default-type border-btn\" style=\"--button_accent_color:var(--awb-color8);--button_border_color:var(--awb-color8);--button_accent_hover_color:var(--awb-color8);--button_border_hover_color:hsla(var(--awb-color4-h),var(--awb-color4-s),var(--awb-color4-l),calc(var(--awb-color4-a) - 25%));--button_border_width-top:1px;--button_border_width-right:1px;--button_border_width-bottom:1px;--button_border_width-left:1px;--button_gradient_top_color:hsla(var(--awb-color4-h),var(--awb-color4-s),var(--awb-color4-l),calc(var(--awb-color4-a) - 100%));--button_gradient_bottom_color:hsla(var(--awb-color4-h),var(--awb-color4-s),var(--awb-color4-l),calc(var(--awb-color4-a) - 100%));--button_gradient_top_color_hover:hsla(var(--awb-color4-h),var(--awb-color4-s),var(--awb-color4-l),calc(var(--awb-color4-a) - 25%));--button_gradient_bottom_color_hover:hsla(var(--awb-color4-h),var(--awb-color4-s),var(--awb-color4-l),calc(var(--awb-color4-a) - 25%));\" target=\"_self\" href=\"https:\/\/bakertilly.be\/fr\/actualites\/\"><span class=\"fusion-button-text awb-button__text awb-button__text--default\">Tous les articles<\/span><\/a><\/div><i class=\"fb-icon-element-1 fb-icon-element fontawesome-icon fa-chevron-left fas circle-yes fusion-text-flow arrowback\" style=\"--awb-iconcolor:hsla(var(--awb-color8-h),var(--awb-color8-s),var(--awb-color8-l),calc(var(--awb-color8-a) - 30%));--awb-iconcolor-hover:var(--awb-color8);--awb-circlebordercolor:hsla(var(--awb-color8-h),var(--awb-color8-s),var(--awb-color8-l),calc(var(--awb-color8-a) - 30%));--awb-circlebordercolor-hover:var(--awb-color8);--awb-circlebordersize:1px;--awb-font-size:16px;--awb-width:42px;--awb-height:42px;--awb-line-height:40px;--awb-margin-right:8px;\"><\/i><i class=\"fb-icon-element-2 fb-icon-element fontawesome-icon fa-chevron-right fas circle-yes fusion-text-flow arrownext\" style=\"--awb-iconcolor:hsla(var(--awb-color8-h),var(--awb-color8-s),var(--awb-color8-l),calc(var(--awb-color8-a) - 30%));--awb-iconcolor-hover:var(--awb-color8);--awb-circlebordercolor:hsla(var(--awb-color8-h),var(--awb-color8-s),var(--awb-color8-l),calc(var(--awb-color8-a) - 30%));--awb-circlebordercolor-hover:var(--awb-color8);--awb-circlebordersize:1px;--awb-font-size:16px;--awb-width:42px;--awb-height:42px;--awb-line-height:40px;--awb-margin-right:8px;\"><\/i><\/div><\/div><\/div><\/div><\/p>\n","protected":false},"excerpt":{"rendered":"","protected":false},"author":6,"featured_media":0,"parent":19347,"menu_order":0,"comment_status":"closed","ping_status":"closed","template":"100-width.php","meta":{"_acf_changed":false,"footnotes":""},"class_list":["post-19363","page","type-page","status-publish","hentry"],"acf":[],"_links":{"self":[{"href":"https:\/\/bakertilly.be\/fr\/wp-json\/wp\/v2\/pages\/19363","targetHints":{"allow":["GET"]}}],"collection":[{"href":"https:\/\/bakertilly.be\/fr\/wp-json\/wp\/v2\/pages"}],"about":[{"href":"https:\/\/bakertilly.be\/fr\/wp-json\/wp\/v2\/types\/page"}],"author":[{"embeddable":true,"href":"https:\/\/bakertilly.be\/fr\/wp-json\/wp\/v2\/users\/6"}],"replies":[{"embeddable":true,"href":"https:\/\/bakertilly.be\/fr\/wp-json\/wp\/v2\/comments?post=19363"}],"version-history":[{"count":17,"href":"https:\/\/bakertilly.be\/fr\/wp-json\/wp\/v2\/pages\/19363\/revisions"}],"predecessor-version":[{"id":26838,"href":"https:\/\/bakertilly.be\/fr\/wp-json\/wp\/v2\/pages\/19363\/revisions\/26838"}],"up":[{"embeddable":true,"href":"https:\/\/bakertilly.be\/fr\/wp-json\/wp\/v2\/pages\/19347"}],"wp:attachment":[{"href":"https:\/\/bakertilly.be\/fr\/wp-json\/wp\/v2\/media?parent=19363"}],"curies":[{"name":"wp","href":"https:\/\/api.w.org\/{rel}","templated":true}]}}